{"id":3308,"date":"2023-10-19T13:52:11","date_gmt":"2023-10-19T11:52:11","guid":{"rendered":"https:\/\/sparkassenstiftungen-ka.de\/jugendstiftung\/?page_id=3308"},"modified":"2023-10-19T13:52:11","modified_gmt":"2023-10-19T11:52:11","slug":"wettbewerb-sing-mit","status":"publish","type":"page","link":"https:\/\/sparkassenstiftungen-ka.de\/jugendstiftung\/kreativitaet-und-musik\/wettbewerb-sing-mit\/","title":{"rendered":"Wettbewerb Sing Mit"},"content":{"rendered":"\n<h2 class=\"gb-headline gb-headline-260cbf02 gb-headline-text\">Wettbewerb &#8222;Sing mit!&#8220;<\/h2>\n\n\n\n<div class=\"gb-grid-wrapper gb-grid-wrapper-9dc591a5 gb-query-loop-wrapper\">\n<div class=\"gb-grid-column gb-grid-column-55d15109 gb-query-loop-item post-4172 post type-post status-publish format-standard has-post-thumbnail hentry category-chorwettbewerb-sing-mit\"><div class=\"gb-container gb-container-55d15109\">\n<figure class=\"gb-block-image gb-block-image-d592533d\"><a href=\"https:\/\/sparkassenstiftungen-ka.de\/jugendstiftung\/kreativitaet-musik\/chorwettbewerb-sing-mit\/sing-mit-2026\/\"><img loading=\"lazy\" decoding=\"async\" width=\"1540\" height=\"960\" src=\"https:\/\/sparkassenstiftungen-ka.de\/jugendstiftung\/wp-content\/uploads\/sites\/2\/2023\/10\/sing-mit-logo-gross.png\" class=\"gb-image-d592533d\" alt=\"Chorwettbewerb Sing mit\" srcset=\"https:\/\/sparkassenstiftungen-ka.de\/jugendstiftung\/wp-content\/uploads\/sites\/2\/2023\/10\/sing-mit-logo-gross.png 1540w, https:\/\/sparkassenstiftungen-ka.de\/jugendstiftung\/wp-content\/uploads\/sites\/2\/2023\/10\/sing-mit-logo-gross-300x187.png 300w, https:\/\/sparkassenstiftungen-ka.de\/jugendstiftung\/wp-content\/uploads\/sites\/2\/2023\/10\/sing-mit-logo-gross-1024x638.png 1024w, https:\/\/sparkassenstiftungen-ka.de\/jugendstiftung\/wp-content\/uploads\/sites\/2\/2023\/10\/sing-mit-logo-gross-768x479.png 768w, https:\/\/sparkassenstiftungen-ka.de\/jugendstiftung\/wp-content\/uploads\/sites\/2\/2023\/10\/sing-mit-logo-gross-1536x958.png 1536w\" sizes=\"auto, (max-width: 1540px) 100vw, 1540px\" \/><\/a><\/figure>\n\n<h2 class=\"gb-headline gb-headline-46b49b0c gb-headline-text\"><a href=\"https:\/\/sparkassenstiftungen-ka.de\/jugendstiftung\/kreativitaet-musik\/chorwettbewerb-sing-mit\/sing-mit-2026\/\">Einladung zum 8. Karlsruher Chorwettbewerb f\u00fcr weiterf\u00fchrende Schulen \u2013 \u201eSing mit!\u201c 2026<\/a><\/h2>\n\n<div class=\"gb-headline gb-headline-12dd70d8 gb-headline-text\">B\u00fchne frei f\u00fcr eure Stimmen! Das urspr\u00fcnglich geplante Vorstellungskonzert f\u00fcr den Chorwettbewerb Sing mit! am 23. April 2026 im Badischen Konservatorium findet nicht statt. Stattdessen &#8230; <a title=\"Einladung zum 8. Karlsruher Chorwettbewerb f\u00fcr weiterf\u00fchrende Schulen \u2013 \u201eSing mit!\u201c 2026\" class=\"read-more\" href=\"https:\/\/sparkassenstiftungen-ka.de\/jugendstiftung\/kreativitaet-musik\/chorwettbewerb-sing-mit\/sing-mit-2026\/\" aria-label=\"Mehr Informationen \u00fcber Einladung zum 8. Karlsruher Chorwettbewerb f\u00fcr weiterf\u00fchrende Schulen \u2013 \u201eSing mit!\u201c 2026\">Weiterlesen &#8230;<\/a><\/div>\n<\/div><\/div>\n\n<div class=\"gb-grid-column gb-grid-column-55d15109 gb-query-loop-item post-3937 post type-post status-publish format-standard has-post-thumbnail hentry category-chorwettbewerb-sing-mit\"><div class=\"gb-container gb-container-55d15109\">\n<figure class=\"gb-block-image gb-block-image-d592533d\"><a href=\"https:\/\/sparkassenstiftungen-ka.de\/jugendstiftung\/kreativitaet-musik\/chorwettbewerb-sing-mit\/preistraegerkonzert-sing-mit-2025\/\"><img loading=\"lazy\" decoding=\"async\" width=\"1200\" height=\"700\" src=\"https:\/\/sparkassenstiftungen-ka.de\/jugendstiftung\/wp-content\/uploads\/sites\/2\/2025\/06\/sing-mit-2025-header.webp\" class=\"gb-image-d592533d\" alt=\"\" srcset=\"https:\/\/sparkassenstiftungen-ka.de\/jugendstiftung\/wp-content\/uploads\/sites\/2\/2025\/06\/sing-mit-2025-header.webp 1200w, https:\/\/sparkassenstiftungen-ka.de\/jugendstiftung\/wp-content\/uploads\/sites\/2\/2025\/06\/sing-mit-2025-header-300x175.webp 300w, https:\/\/sparkassenstiftungen-ka.de\/jugendstiftung\/wp-content\/uploads\/sites\/2\/2025\/06\/sing-mit-2025-header-1024x597.webp 1024w, https:\/\/sparkassenstiftungen-ka.de\/jugendstiftung\/wp-content\/uploads\/sites\/2\/2025\/06\/sing-mit-2025-header-768x448.webp 768w\" sizes=\"auto, (max-width: 1200px) 100vw, 1200px\" \/><\/a><\/figure>\n\n<h2 class=\"gb-headline gb-headline-46b49b0c gb-headline-text\"><a href=\"https:\/\/sparkassenstiftungen-ka.de\/jugendstiftung\/kreativitaet-musik\/chorwettbewerb-sing-mit\/preistraegerkonzert-sing-mit-2025\/\">Preistr\u00e4gerkonzert \u201eSing mit!\u201c 2025<\/a><\/h2>\n\n<div class=\"gb-headline gb-headline-12dd70d8 gb-headline-text\">Musik, die verbindet. Stimmen, die wachsen. Gemeinschaft, die klingt. Zum achten Mal haben die Jugendstiftung der Sparkasse Karlsruhe und der Landesmusikrat Baden-W\u00fcrttemberg Grundschulkinder eingeladen, ihre &#8230; <a title=\"Preistr\u00e4gerkonzert \u201eSing mit!\u201c 2025\" class=\"read-more\" href=\"https:\/\/sparkassenstiftungen-ka.de\/jugendstiftung\/kreativitaet-musik\/chorwettbewerb-sing-mit\/preistraegerkonzert-sing-mit-2025\/\" aria-label=\"Mehr Informationen \u00fcber Preistr\u00e4gerkonzert \u201eSing mit!\u201c 2025\">Weiterlesen &#8230;<\/a><\/div>\n<\/div><\/div>\n\n<div class=\"gb-grid-column gb-grid-column-55d15109 gb-query-loop-item post-3740 post type-post status-publish format-standard has-post-thumbnail hentry category-chorwettbewerb-sing-mit\"><div class=\"gb-container gb-container-55d15109\">\n<figure class=\"gb-block-image gb-block-image-d592533d\"><a href=\"https:\/\/sparkassenstiftungen-ka.de\/jugendstiftung\/kreativitaet-musik\/chorwettbewerb-sing-mit\/chorwettbewerb-sing-mit-2025\/\"><img loading=\"lazy\" decoding=\"async\" width=\"1200\" height=\"700\" src=\"https:\/\/sparkassenstiftungen-ka.de\/jugendstiftung\/wp-content\/uploads\/sites\/2\/2025\/04\/singmit-Grundschulen.png\" class=\"gb-image-d592533d\" alt=\"Sing mit! Grundschulen\" srcset=\"https:\/\/sparkassenstiftungen-ka.de\/jugendstiftung\/wp-content\/uploads\/sites\/2\/2025\/04\/singmit-Grundschulen.png 1200w, https:\/\/sparkassenstiftungen-ka.de\/jugendstiftung\/wp-content\/uploads\/sites\/2\/2025\/04\/singmit-Grundschulen-300x175.png 300w, https:\/\/sparkassenstiftungen-ka.de\/jugendstiftung\/wp-content\/uploads\/sites\/2\/2025\/04\/singmit-Grundschulen-1024x597.png 1024w, https:\/\/sparkassenstiftungen-ka.de\/jugendstiftung\/wp-content\/uploads\/sites\/2\/2025\/04\/singmit-Grundschulen-768x448.png 768w\" sizes=\"auto, (max-width: 1200px) 100vw, 1200px\" \/><\/a><\/figure>\n\n<h2 class=\"gb-headline gb-headline-46b49b0c gb-headline-text\"><a href=\"https:\/\/sparkassenstiftungen-ka.de\/jugendstiftung\/kreativitaet-musik\/chorwettbewerb-sing-mit\/chorwettbewerb-sing-mit-2025\/\">8. Karlsruher Chorwettbewerb f\u00fcr Grundschulen \u201eSing mit!\u201c 2025<\/a><\/h2>\n\n<div class=\"gb-headline gb-headline-12dd70d8 gb-headline-text\">Am 26. M\u00e4rz fand im Schloss Gottesaue (Hochschule f\u00fcr Musik Karlsruhe) das Vorstellungskonzert des diesj\u00e4hrigen Karlsruher Kinderchorwettbewerbs f\u00fcr Grundschulen statt. Zehn Ch\u00f6re kamen an diesem &#8230; <a title=\"8. Karlsruher Chorwettbewerb f\u00fcr Grundschulen \u201eSing mit!\u201c 2025\" class=\"read-more\" href=\"https:\/\/sparkassenstiftungen-ka.de\/jugendstiftung\/kreativitaet-musik\/chorwettbewerb-sing-mit\/chorwettbewerb-sing-mit-2025\/\" aria-label=\"Mehr Informationen \u00fcber 8. Karlsruher Chorwettbewerb f\u00fcr Grundschulen \u201eSing mit!\u201c 2025\">Weiterlesen &#8230;<\/a><\/div>\n<\/div><\/div>\n\n<div class=\"gb-grid-column gb-grid-column-55d15109 gb-query-loop-item post-3552 post type-post status-publish format-standard has-post-thumbnail hentry category-chorwettbewerb-sing-mit\"><div class=\"gb-container gb-container-55d15109\">\n<figure class=\"gb-block-image gb-block-image-d592533d\"><a href=\"https:\/\/sparkassenstiftungen-ka.de\/jugendstiftung\/kreativitaet-musik\/chorwettbewerb-sing-mit\/7-chorwettbewerb-sing-mit-2024\/\"><img loading=\"lazy\" decoding=\"async\" width=\"1200\" height=\"700\" src=\"https:\/\/sparkassenstiftungen-ka.de\/jugendstiftung\/wp-content\/uploads\/sites\/2\/2024\/06\/sing-mit-2024-header.webp\" class=\"gb-image-d592533d\" alt=\"7. Karlsruher Chorwettbewerb f\u00fcr weiterf\u00fchrende Schulen \u201eSing mit!\u201c 2024\" srcset=\"https:\/\/sparkassenstiftungen-ka.de\/jugendstiftung\/wp-content\/uploads\/sites\/2\/2024\/06\/sing-mit-2024-header.webp 1200w, https:\/\/sparkassenstiftungen-ka.de\/jugendstiftung\/wp-content\/uploads\/sites\/2\/2024\/06\/sing-mit-2024-header-300x175.webp 300w, https:\/\/sparkassenstiftungen-ka.de\/jugendstiftung\/wp-content\/uploads\/sites\/2\/2024\/06\/sing-mit-2024-header-1024x597.webp 1024w, https:\/\/sparkassenstiftungen-ka.de\/jugendstiftung\/wp-content\/uploads\/sites\/2\/2024\/06\/sing-mit-2024-header-768x448.webp 768w\" sizes=\"auto, (max-width: 1200px) 100vw, 1200px\" \/><\/a><\/figure>\n\n<h2 class=\"gb-headline gb-headline-46b49b0c gb-headline-text\"><a href=\"https:\/\/sparkassenstiftungen-ka.de\/jugendstiftung\/kreativitaet-musik\/chorwettbewerb-sing-mit\/7-chorwettbewerb-sing-mit-2024\/\">7. Karlsruher Chorwettbewerb f\u00fcr weiterf\u00fchrende Schulen \u201eSing mit!\u201c 2024<\/a><\/h2>\n\n<div class=\"gb-headline gb-headline-12dd70d8 gb-headline-text\">\u201eMusik macht Freude!\u201c Mit diesen Worten brachte Sparkassendirektor Lutz Boden die festliche und erwartungsvolle Stimmung des Konzertabends auf den Punkt. Bereits zum 7. Mal haben &#8230; <a title=\"7. Karlsruher Chorwettbewerb f\u00fcr weiterf\u00fchrende Schulen \u201eSing mit!\u201c 2024\" class=\"read-more\" href=\"https:\/\/sparkassenstiftungen-ka.de\/jugendstiftung\/kreativitaet-musik\/chorwettbewerb-sing-mit\/7-chorwettbewerb-sing-mit-2024\/\" aria-label=\"Mehr Informationen \u00fcber 7. Karlsruher Chorwettbewerb f\u00fcr weiterf\u00fchrende Schulen \u201eSing mit!\u201c 2024\">Weiterlesen &#8230;<\/a><\/div>\n<\/div><\/div>\n\n<div class=\"gb-grid-column gb-grid-column-55d15109 gb-query-loop-item post-3512 post type-post status-publish format-standard has-post-thumbnail hentry category-chorwettbewerb-sing-mit\"><div class=\"gb-container gb-container-55d15109\">\n<figure class=\"gb-block-image gb-block-image-d592533d\"><a href=\"https:\/\/sparkassenstiftungen-ka.de\/jugendstiftung\/kreativitaet-musik\/chorwettbewerb-sing-mit\/karlsruher-chorwettbewerb-fuer-weiterfuehrende-schulen-sing-mit-2024\/\"><img loading=\"lazy\" decoding=\"async\" width=\"1540\" height=\"960\" src=\"https:\/\/sparkassenstiftungen-ka.de\/jugendstiftung\/wp-content\/uploads\/sites\/2\/2023\/10\/sing-mit-logo-gross.png\" class=\"gb-image-d592533d\" alt=\"Chorwettbewerb Sing mit\" srcset=\"https:\/\/sparkassenstiftungen-ka.de\/jugendstiftung\/wp-content\/uploads\/sites\/2\/2023\/10\/sing-mit-logo-gross.png 1540w, https:\/\/sparkassenstiftungen-ka.de\/jugendstiftung\/wp-content\/uploads\/sites\/2\/2023\/10\/sing-mit-logo-gross-300x187.png 300w, https:\/\/sparkassenstiftungen-ka.de\/jugendstiftung\/wp-content\/uploads\/sites\/2\/2023\/10\/sing-mit-logo-gross-1024x638.png 1024w, https:\/\/sparkassenstiftungen-ka.de\/jugendstiftung\/wp-content\/uploads\/sites\/2\/2023\/10\/sing-mit-logo-gross-768x479.png 768w, https:\/\/sparkassenstiftungen-ka.de\/jugendstiftung\/wp-content\/uploads\/sites\/2\/2023\/10\/sing-mit-logo-gross-1536x958.png 1536w\" sizes=\"auto, (max-width: 1540px) 100vw, 1540px\" \/><\/a><\/figure>\n\n<h2 class=\"gb-headline gb-headline-46b49b0c gb-headline-text\"><a href=\"https:\/\/sparkassenstiftungen-ka.de\/jugendstiftung\/kreativitaet-musik\/chorwettbewerb-sing-mit\/karlsruher-chorwettbewerb-fuer-weiterfuehrende-schulen-sing-mit-2024\/\">Karlsruher Chorwettbewerb f\u00fcr weiterf\u00fchrende Schulen \u201eSing mit!\u201c 2024<\/a><\/h2>\n\n<div class=\"gb-headline gb-headline-12dd70d8 gb-headline-text\">Das Vorstellungskonzert im Schloss Gottesaue (Hochschule f\u00fcr Musik Karlsruhe) am 21. M\u00e4rz 2024 war ein besonderes Erlebnis f\u00fcr die jungen S\u00e4ngerinnen und S\u00e4nger. Mit viel &#8230; <a title=\"Karlsruher Chorwettbewerb f\u00fcr weiterf\u00fchrende Schulen \u201eSing mit!\u201c 2024\" class=\"read-more\" href=\"https:\/\/sparkassenstiftungen-ka.de\/jugendstiftung\/kreativitaet-musik\/chorwettbewerb-sing-mit\/karlsruher-chorwettbewerb-fuer-weiterfuehrende-schulen-sing-mit-2024\/\" aria-label=\"Mehr Informationen \u00fcber Karlsruher Chorwettbewerb f\u00fcr weiterf\u00fchrende Schulen \u201eSing mit!\u201c 2024\">Weiterlesen &#8230;<\/a><\/div>\n<\/div><\/div>\n<\/div>\n","protected":false},"excerpt":{"rendered":"<p>Wettbewerb &#8222;Sing mit!&#8220;<\/p>\n","protected":false},"author":2,"featured_media":2825,"parent":3293,"menu_order":0,"comment_status":"closed","ping_status":"closed","template":"","meta":{"footnotes":""},"class_list":{"0":"post-3308","1":"page","2":"type-page","3":"status-publish","4":"has-post-thumbnail","6":"resize-featured-image"},"_links":{"self":[{"href":"https:\/\/sparkassenstiftungen-ka.de\/jugendstiftung\/wp-json\/wp\/v2\/pages\/3308","targetHints":{"allow":["GET"]}}],"collection":[{"href":"https:\/\/sparkassenstiftungen-ka.de\/jugendstiftung\/wp-json\/wp\/v2\/pages"}],"about":[{"href":"https:\/\/sparkassenstiftungen-ka.de\/jugendstiftung\/wp-json\/wp\/v2\/types\/page"}],"author":[{"embeddable":true,"href":"https:\/\/sparkassenstiftungen-ka.de\/jugendstiftung\/wp-json\/wp\/v2\/users\/2"}],"replies":[{"embeddable":true,"href":"https:\/\/sparkassenstiftungen-ka.de\/jugendstiftung\/wp-json\/wp\/v2\/comments?post=3308"}],"version-history":[{"count":1,"href":"https:\/\/sparkassenstiftungen-ka.de\/jugendstiftung\/wp-json\/wp\/v2\/pages\/3308\/revisions"}],"predecessor-version":[{"id":3309,"href":"https:\/\/sparkassenstiftungen-ka.de\/jugendstiftung\/wp-json\/wp\/v2\/pages\/3308\/revisions\/3309"}],"up":[{"embeddable":true,"href":"https:\/\/sparkassenstiftungen-ka.de\/jugendstiftung\/wp-json\/wp\/v2\/pages\/3293"}],"wp:featuredmedia":[{"embeddable":true,"href":"https:\/\/sparkassenstiftungen-ka.de\/jugendstiftung\/wp-json\/wp\/v2\/media\/2825"}],"wp:attachment":[{"href":"https:\/\/sparkassenstiftungen-ka.de\/jugendstiftung\/wp-json\/wp\/v2\/media?parent=3308"}],"curies":[{"name":"wp","href":"https:\/\/api.w.org\/{rel}","templated":true}]}}