{"id":3304,"date":"2023-10-19T13:49:34","date_gmt":"2023-10-19T11:49:34","guid":{"rendered":"https:\/\/sparkassenstiftungen-ka.de\/jugendstiftung\/?page_id=3304"},"modified":"2023-10-19T13:49:34","modified_gmt":"2023-10-19T11:49:34","slug":"projektwoche-sing-bach","status":"publish","type":"page","link":"https:\/\/sparkassenstiftungen-ka.de\/jugendstiftung\/kreativitaet-und-musik\/projektwoche-sing-bach\/","title":{"rendered":"Projektwoche Sing Bach"},"content":{"rendered":"\n<h2 class=\"gb-headline gb-headline-260cbf02 gb-headline-text\">Projektwoche &#8222;Sing Bach&#8220;<\/h2>\n\n\n\n<div class=\"gb-grid-wrapper gb-grid-wrapper-9dc591a5 gb-query-loop-wrapper\">\n<div class=\"gb-grid-column gb-grid-column-55d15109 gb-query-loop-item post-4119 post type-post status-publish format-standard has-post-thumbnail hentry category-projektwoche-sing-bach\"><div class=\"gb-container gb-container-55d15109\">\n<figure class=\"gb-block-image gb-block-image-d592533d\"><a href=\"https:\/\/sparkassenstiftungen-ka.de\/jugendstiftung\/kreativitaet-musik\/projektwoche-sing-bach\/sing-bach-2026\/\"><img loading=\"lazy\" decoding=\"async\" width=\"1200\" height=\"700\" src=\"https:\/\/sparkassenstiftungen-ka.de\/jugendstiftung\/wp-content\/uploads\/sites\/2\/2025\/09\/sing_bach.webp\" class=\"gb-image-d592533d\" alt=\"Sing Bach\" srcset=\"https:\/\/sparkassenstiftungen-ka.de\/jugendstiftung\/wp-content\/uploads\/sites\/2\/2025\/09\/sing_bach.webp 1200w, https:\/\/sparkassenstiftungen-ka.de\/jugendstiftung\/wp-content\/uploads\/sites\/2\/2025\/09\/sing_bach-300x175.webp 300w, https:\/\/sparkassenstiftungen-ka.de\/jugendstiftung\/wp-content\/uploads\/sites\/2\/2025\/09\/sing_bach-1024x597.webp 1024w, https:\/\/sparkassenstiftungen-ka.de\/jugendstiftung\/wp-content\/uploads\/sites\/2\/2025\/09\/sing_bach-768x448.webp 768w\" sizes=\"auto, (max-width: 1200px) 100vw, 1200px\" \/><\/a><\/figure>\n\n<h2 class=\"gb-headline gb-headline-46b49b0c gb-headline-text\"><a href=\"https:\/\/sparkassenstiftungen-ka.de\/jugendstiftung\/kreativitaet-musik\/projektwoche-sing-bach\/sing-bach-2026\/\">Bewerbungsstart f\u00fcr Projektwoche \u201eSing Bach\u201c 2026<\/a><\/h2>\n\n<div class=\"gb-headline gb-headline-12dd70d8 gb-headline-text\">Vom 6. bis 10. Juli 2026 hei\u00dft es wieder: \u201eSing Bach\u201c. Bereits zum 13. Mal l\u00e4dt die Jugendstiftung der Sparkasse Karlsruhe Grundschulen zu diesem au\u00dfergew\u00f6hnlichen &#8230; <a title=\"Bewerbungsstart f\u00fcr Projektwoche \u201eSing Bach\u201c 2026\" class=\"read-more\" href=\"https:\/\/sparkassenstiftungen-ka.de\/jugendstiftung\/kreativitaet-musik\/projektwoche-sing-bach\/sing-bach-2026\/\" aria-label=\"Mehr Informationen \u00fcber Bewerbungsstart f\u00fcr Projektwoche \u201eSing Bach\u201c 2026\">Weiterlesen &#8230;<\/a><\/div>\n<\/div><\/div>\n\n<div class=\"gb-grid-column gb-grid-column-55d15109 gb-query-loop-item post-3968 post type-post status-publish format-standard has-post-thumbnail hentry category-projektwoche-sing-bach\"><div class=\"gb-container gb-container-55d15109\">\n<figure class=\"gb-block-image gb-block-image-d592533d\"><a href=\"https:\/\/sparkassenstiftungen-ka.de\/jugendstiftung\/kreativitaet-musik\/projektwoche-sing-bach\/projektwoche-sing-bach-2025\/\"><img loading=\"lazy\" decoding=\"async\" width=\"1200\" height=\"700\" src=\"https:\/\/sparkassenstiftungen-ka.de\/jugendstiftung\/wp-content\/uploads\/sites\/2\/2025\/07\/sing-bach-2025-header.webp\" class=\"gb-image-d592533d\" alt=\"Sing Bach 2025\" srcset=\"https:\/\/sparkassenstiftungen-ka.de\/jugendstiftung\/wp-content\/uploads\/sites\/2\/2025\/07\/sing-bach-2025-header.webp 1200w, https:\/\/sparkassenstiftungen-ka.de\/jugendstiftung\/wp-content\/uploads\/sites\/2\/2025\/07\/sing-bach-2025-header-300x175.webp 300w, https:\/\/sparkassenstiftungen-ka.de\/jugendstiftung\/wp-content\/uploads\/sites\/2\/2025\/07\/sing-bach-2025-header-1024x597.webp 1024w, https:\/\/sparkassenstiftungen-ka.de\/jugendstiftung\/wp-content\/uploads\/sites\/2\/2025\/07\/sing-bach-2025-header-768x448.webp 768w\" sizes=\"auto, (max-width: 1200px) 100vw, 1200px\" \/><\/a><\/figure>\n\n<h2 class=\"gb-headline gb-headline-46b49b0c gb-headline-text\"><a href=\"https:\/\/sparkassenstiftungen-ka.de\/jugendstiftung\/kreativitaet-musik\/projektwoche-sing-bach\/projektwoche-sing-bach-2025\/\">Zum zw\u00f6lften Mal \u201eSing Bach\u201c \u2013 und kein bisschen leiser!<\/a><\/h2>\n\n<div class=\"gb-headline gb-headline-12dd70d8 gb-headline-text\">In diesem Jahr fand bereits zum zw\u00f6lften Mal das erfolgreiche Musikprojekt \u201eSing Bach\u201c im Gesch\u00e4ftsgebiet der Sparkasse Karlsruhe statt. Wie in den Jahren zuvor stand &#8230; <a title=\"Zum zw\u00f6lften Mal \u201eSing Bach\u201c \u2013 und kein bisschen leiser!\" class=\"read-more\" href=\"https:\/\/sparkassenstiftungen-ka.de\/jugendstiftung\/kreativitaet-musik\/projektwoche-sing-bach\/projektwoche-sing-bach-2025\/\" aria-label=\"Mehr Informationen \u00fcber Zum zw\u00f6lften Mal \u201eSing Bach\u201c \u2013 und kein bisschen leiser!\">Weiterlesen &#8230;<\/a><\/div>\n<\/div><\/div>\n\n<div class=\"gb-grid-column gb-grid-column-55d15109 gb-query-loop-item post-3327 post type-post status-publish format-standard has-post-thumbnail hentry category-projektwoche-sing-bach\"><div class=\"gb-container gb-container-55d15109\">\n<figure class=\"gb-block-image gb-block-image-d592533d\"><a href=\"https:\/\/sparkassenstiftungen-ka.de\/jugendstiftung\/kreativitaet-musik\/projektwoche-sing-bach\/mitsingprojekt-sing-bach\/\"><img loading=\"lazy\" decoding=\"async\" width=\"1920\" height=\"1280\" src=\"https:\/\/sparkassenstiftungen-ka.de\/jugendstiftung\/wp-content\/uploads\/sites\/2\/2023\/10\/sing-bach-layer-2024-2.webp\" class=\"gb-image-d592533d\" alt=\"Projektwoche Sing Bach\" srcset=\"https:\/\/sparkassenstiftungen-ka.de\/jugendstiftung\/wp-content\/uploads\/sites\/2\/2023\/10\/sing-bach-layer-2024-2.webp 1920w, https:\/\/sparkassenstiftungen-ka.de\/jugendstiftung\/wp-content\/uploads\/sites\/2\/2023\/10\/sing-bach-layer-2024-2-300x200.webp 300w, https:\/\/sparkassenstiftungen-ka.de\/jugendstiftung\/wp-content\/uploads\/sites\/2\/2023\/10\/sing-bach-layer-2024-2-1024x683.webp 1024w, https:\/\/sparkassenstiftungen-ka.de\/jugendstiftung\/wp-content\/uploads\/sites\/2\/2023\/10\/sing-bach-layer-2024-2-768x512.webp 768w, https:\/\/sparkassenstiftungen-ka.de\/jugendstiftung\/wp-content\/uploads\/sites\/2\/2023\/10\/sing-bach-layer-2024-2-1536x1024.webp 1536w\" sizes=\"auto, (max-width: 1920px) 100vw, 1920px\" \/><\/a><\/figure>\n\n<h2 class=\"gb-headline gb-headline-46b49b0c gb-headline-text\"><a href=\"https:\/\/sparkassenstiftungen-ka.de\/jugendstiftung\/kreativitaet-musik\/projektwoche-sing-bach\/mitsingprojekt-sing-bach\/\">Mitsingprojekt \u201eSing Bach\u201c<\/a><\/h2>\n\n<div class=\"gb-headline gb-headline-12dd70d8 gb-headline-text\">Vom 30. Juni bis 04. Juli 2025 findet bereits zum 12. Mal das Mitsingprojekt \u201eSing Bach\u201c statt. Rund 220 Kinder aus f\u00fcnf bis sechs Grundschulen &#8230; <a title=\"Mitsingprojekt \u201eSing Bach\u201c\" class=\"read-more\" href=\"https:\/\/sparkassenstiftungen-ka.de\/jugendstiftung\/kreativitaet-musik\/projektwoche-sing-bach\/mitsingprojekt-sing-bach\/\" aria-label=\"Mehr Informationen \u00fcber Mitsingprojekt \u201eSing Bach\u201c\">Weiterlesen &#8230;<\/a><\/div>\n<\/div><\/div>\n\n<div class=\"gb-grid-column gb-grid-column-55d15109 gb-query-loop-item post-3578 post type-post status-publish format-standard has-post-thumbnail hentry category-projektwoche-sing-bach\"><div class=\"gb-container gb-container-55d15109\">\n<figure class=\"gb-block-image gb-block-image-d592533d\"><a href=\"https:\/\/sparkassenstiftungen-ka.de\/jugendstiftung\/kreativitaet-musik\/projektwoche-sing-bach\/workshop-sing-bach-2024\/\"><img loading=\"lazy\" decoding=\"async\" width=\"1200\" height=\"700\" src=\"https:\/\/sparkassenstiftungen-ka.de\/jugendstiftung\/wp-content\/uploads\/sites\/2\/2024\/07\/sing-bach-2024-header-2.webp\" class=\"gb-image-d592533d\" alt=\"Workshop \u201eSing Bach\u201c 2024\" srcset=\"https:\/\/sparkassenstiftungen-ka.de\/jugendstiftung\/wp-content\/uploads\/sites\/2\/2024\/07\/sing-bach-2024-header-2.webp 1200w, https:\/\/sparkassenstiftungen-ka.de\/jugendstiftung\/wp-content\/uploads\/sites\/2\/2024\/07\/sing-bach-2024-header-2-300x175.webp 300w, https:\/\/sparkassenstiftungen-ka.de\/jugendstiftung\/wp-content\/uploads\/sites\/2\/2024\/07\/sing-bach-2024-header-2-1024x597.webp 1024w, https:\/\/sparkassenstiftungen-ka.de\/jugendstiftung\/wp-content\/uploads\/sites\/2\/2024\/07\/sing-bach-2024-header-2-768x448.webp 768w\" sizes=\"auto, (max-width: 1200px) 100vw, 1200px\" \/><\/a><\/figure>\n\n<h2 class=\"gb-headline gb-headline-46b49b0c gb-headline-text\"><a href=\"https:\/\/sparkassenstiftungen-ka.de\/jugendstiftung\/kreativitaet-musik\/projektwoche-sing-bach\/workshop-sing-bach-2024\/\">Workshop \u201eSing Bach\u201c 2024<\/a><\/h2>\n\n<div class=\"gb-headline gb-headline-12dd70d8 gb-headline-text\">Eine beeindruckende Vorstellung lieferte der gemeinsame Chor aus vier Grundschulen aus dem Gesch\u00e4ftsgebiet der Sparkasse Karlsruhe. Die 200 Grundsch\u00fcler erhielten Standing Ovations in der vollbesetzten &#8230; <a title=\"Workshop \u201eSing Bach\u201c 2024\" class=\"read-more\" href=\"https:\/\/sparkassenstiftungen-ka.de\/jugendstiftung\/kreativitaet-musik\/projektwoche-sing-bach\/workshop-sing-bach-2024\/\" aria-label=\"Mehr Informationen \u00fcber Workshop \u201eSing Bach\u201c 2024\">Weiterlesen &#8230;<\/a><\/div>\n<\/div><\/div>\n\n<div class=\"gb-grid-column gb-grid-column-55d15109 gb-query-loop-item post-2830 post type-post status-publish format-standard has-post-thumbnail hentry category-projektwoche-sing-bach\"><div class=\"gb-container gb-container-55d15109\">\n<figure class=\"gb-block-image gb-block-image-d592533d\"><a href=\"https:\/\/sparkassenstiftungen-ka.de\/jugendstiftung\/kreativitaet-musik\/projektwoche-sing-bach\/workshop-sing-bach-2023\/\"><img loading=\"lazy\" decoding=\"async\" width=\"1200\" height=\"700\" src=\"https:\/\/sparkassenstiftungen-ka.de\/jugendstiftung\/wp-content\/uploads\/sites\/2\/2023\/10\/Workshop-Sing-Bach-2023.jpg\" class=\"gb-image-d592533d\" alt=\"Workshop \u201eSing Bach 2023\u201c\" srcset=\"https:\/\/sparkassenstiftungen-ka.de\/jugendstiftung\/wp-content\/uploads\/sites\/2\/2023\/10\/Workshop-Sing-Bach-2023.jpg 1200w, https:\/\/sparkassenstiftungen-ka.de\/jugendstiftung\/wp-content\/uploads\/sites\/2\/2023\/10\/Workshop-Sing-Bach-2023-300x175.jpg 300w, https:\/\/sparkassenstiftungen-ka.de\/jugendstiftung\/wp-content\/uploads\/sites\/2\/2023\/10\/Workshop-Sing-Bach-2023-1024x597.jpg 1024w, https:\/\/sparkassenstiftungen-ka.de\/jugendstiftung\/wp-content\/uploads\/sites\/2\/2023\/10\/Workshop-Sing-Bach-2023-768x448.jpg 768w\" sizes=\"auto, (max-width: 1200px) 100vw, 1200px\" \/><\/a><\/figure>\n\n<h2 class=\"gb-headline gb-headline-46b49b0c gb-headline-text\"><a href=\"https:\/\/sparkassenstiftungen-ka.de\/jugendstiftung\/kreativitaet-musik\/projektwoche-sing-bach\/workshop-sing-bach-2023\/\">Workshop \u201eSing Bach 2023\u201c<\/a><\/h2>\n\n<div class=\"gb-headline gb-headline-12dd70d8 gb-headline-text\">\u201eSing Bach\u201c mit kleinem Jubil\u00e4um Endlich wieder \u201eSing Bach\u201c! Die Freude war gro\u00df, nicht nur bei den Kindern, sondern auch bei allen beteiligten Akteuren und &#8230; <a title=\"Workshop \u201eSing Bach 2023\u201c\" class=\"read-more\" href=\"https:\/\/sparkassenstiftungen-ka.de\/jugendstiftung\/kreativitaet-musik\/projektwoche-sing-bach\/workshop-sing-bach-2023\/\" aria-label=\"Mehr Informationen \u00fcber Workshop \u201eSing Bach 2023\u201c\">Weiterlesen &#8230;<\/a><\/div>\n<\/div><\/div>\n\n<div class=\"gb-grid-column gb-grid-column-55d15109 gb-query-loop-item post-3081 post type-post status-publish format-standard has-post-thumbnail hentry category-projektwoche-sing-bach\"><div class=\"gb-container gb-container-55d15109\">\n<figure class=\"gb-block-image gb-block-image-d592533d\"><a href=\"https:\/\/sparkassenstiftungen-ka.de\/jugendstiftung\/kreativitaet-musik\/projektwoche-sing-bach\/workshop-sing-bach-2019\/\"><img loading=\"lazy\" decoding=\"async\" width=\"1024\" height=\"590\" src=\"https:\/\/sparkassenstiftungen-ka.de\/jugendstiftung\/wp-content\/uploads\/sites\/2\/2023\/10\/201907_SING_BACH.jpg\" class=\"gb-image-d592533d\" alt=\"Workshop \u201eSing Bach\u201c 2019\" srcset=\"https:\/\/sparkassenstiftungen-ka.de\/jugendstiftung\/wp-content\/uploads\/sites\/2\/2023\/10\/201907_SING_BACH.jpg 1024w, https:\/\/sparkassenstiftungen-ka.de\/jugendstiftung\/wp-content\/uploads\/sites\/2\/2023\/10\/201907_SING_BACH-300x173.jpg 300w, https:\/\/sparkassenstiftungen-ka.de\/jugendstiftung\/wp-content\/uploads\/sites\/2\/2023\/10\/201907_SING_BACH-768x443.jpg 768w\" sizes=\"auto, (max-width: 1024px) 100vw, 1024px\" \/><\/a><\/figure>\n\n<h2 class=\"gb-headline gb-headline-46b49b0c gb-headline-text\"><a href=\"https:\/\/sparkassenstiftungen-ka.de\/jugendstiftung\/kreativitaet-musik\/projektwoche-sing-bach\/workshop-sing-bach-2019\/\">Workshop \u201eSing Bach\u201c 2019<\/a><\/h2>\n\n<div class=\"gb-headline gb-headline-12dd70d8 gb-headline-text\">Standing Ovations in der Kirche \u2013 das ist sicherlich nicht allt\u00e4glich. Doch bei \u201eSing Bach\u201c ist eben alles au\u00dfergew\u00f6hnlich. Auch bei der neunten Auflage des &#8230; <a title=\"Workshop \u201eSing Bach\u201c 2019\" class=\"read-more\" href=\"https:\/\/sparkassenstiftungen-ka.de\/jugendstiftung\/kreativitaet-musik\/projektwoche-sing-bach\/workshop-sing-bach-2019\/\" aria-label=\"Mehr Informationen \u00fcber Workshop \u201eSing Bach\u201c 2019\">Weiterlesen &#8230;<\/a><\/div>\n<\/div><\/div>\n<\/div>\n","protected":false},"excerpt":{"rendered":"<p>Projektwoche &#8222;Sing Bach&#8220;<\/p>\n","protected":false},"author":2,"featured_media":3082,"parent":3293,"menu_order":0,"comment_status":"closed","ping_status":"closed","template":"","meta":{"footnotes":""},"class_list":{"0":"post-3304","1":"page","2":"type-page","3":"status-publish","4":"has-post-thumbnail","6":"resize-featured-image"},"_links":{"self":[{"href":"https:\/\/sparkassenstiftungen-ka.de\/jugendstiftung\/wp-json\/wp\/v2\/pages\/3304","targetHints":{"allow":["GET"]}}],"collection":[{"href":"https:\/\/sparkassenstiftungen-ka.de\/jugendstiftung\/wp-json\/wp\/v2\/pages"}],"about":[{"href":"https:\/\/sparkassenstiftungen-ka.de\/jugendstiftung\/wp-json\/wp\/v2\/types\/page"}],"author":[{"embeddable":true,"href":"https:\/\/sparkassenstiftungen-ka.de\/jugendstiftung\/wp-json\/wp\/v2\/users\/2"}],"replies":[{"embeddable":true,"href":"https:\/\/sparkassenstiftungen-ka.de\/jugendstiftung\/wp-json\/wp\/v2\/comments?post=3304"}],"version-history":[{"count":1,"href":"https:\/\/sparkassenstiftungen-ka.de\/jugendstiftung\/wp-json\/wp\/v2\/pages\/3304\/revisions"}],"predecessor-version":[{"id":3305,"href":"https:\/\/sparkassenstiftungen-ka.de\/jugendstiftung\/wp-json\/wp\/v2\/pages\/3304\/revisions\/3305"}],"up":[{"embeddable":true,"href":"https:\/\/sparkassenstiftungen-ka.de\/jugendstiftung\/wp-json\/wp\/v2\/pages\/3293"}],"wp:featuredmedia":[{"embeddable":true,"href":"https:\/\/sparkassenstiftungen-ka.de\/jugendstiftung\/wp-json\/wp\/v2\/media\/3082"}],"wp:attachment":[{"href":"https:\/\/sparkassenstiftungen-ka.de\/jugendstiftung\/wp-json\/wp\/v2\/media?parent=3304"}],"curies":[{"name":"wp","href":"https:\/\/api.w.org\/{rel}","templated":true}]}}