{"id":3300,"date":"2023-10-19T13:46:40","date_gmt":"2023-10-19T11:46:40","guid":{"rendered":"https:\/\/sparkassenstiftungen-ka.de\/jugendstiftung\/?page_id=3300"},"modified":"2023-10-19T13:46:40","modified_gmt":"2023-10-19T11:46:40","slug":"film-vision-contest","status":"publish","type":"page","link":"https:\/\/sparkassenstiftungen-ka.de\/jugendstiftung\/kreativitaet-und-musik\/film-vision-contest\/","title":{"rendered":"Film &#038; Vision Contest"},"content":{"rendered":"\n<h2 class=\"gb-headline gb-headline-260cbf02 gb-headline-text\">Film &amp; Vision Contest<\/h2>\n\n\n\n<div class=\"gb-grid-wrapper gb-grid-wrapper-9dc591a5 gb-query-loop-wrapper\">\n<div class=\"gb-grid-column gb-grid-column-55d15109 gb-query-loop-item post-4131 post type-post status-publish format-standard has-post-thumbnail hentry category-film-vision-schul-contest\"><div class=\"gb-container gb-container-55d15109\">\n<figure class=\"gb-block-image gb-block-image-d592533d\"><a href=\"https:\/\/sparkassenstiftungen-ka.de\/jugendstiftung\/kreativitaet-musik\/film-vision-schul-contest\/klappe-die-dreizehnte\/\"><img loading=\"lazy\" decoding=\"async\" width=\"1200\" height=\"700\" src=\"https:\/\/sparkassenstiftungen-ka.de\/jugendstiftung\/wp-content\/uploads\/sites\/2\/2025\/10\/13_Film_Vision_Schul-Contest_2025-26_1200x700-3px.png\" class=\"gb-image-d592533d\" alt=\"\" srcset=\"https:\/\/sparkassenstiftungen-ka.de\/jugendstiftung\/wp-content\/uploads\/sites\/2\/2025\/10\/13_Film_Vision_Schul-Contest_2025-26_1200x700-3px.png 1200w, https:\/\/sparkassenstiftungen-ka.de\/jugendstiftung\/wp-content\/uploads\/sites\/2\/2025\/10\/13_Film_Vision_Schul-Contest_2025-26_1200x700-3px-300x175.png 300w, https:\/\/sparkassenstiftungen-ka.de\/jugendstiftung\/wp-content\/uploads\/sites\/2\/2025\/10\/13_Film_Vision_Schul-Contest_2025-26_1200x700-3px-1024x597.png 1024w, https:\/\/sparkassenstiftungen-ka.de\/jugendstiftung\/wp-content\/uploads\/sites\/2\/2025\/10\/13_Film_Vision_Schul-Contest_2025-26_1200x700-3px-768x448.png 768w\" sizes=\"auto, (max-width: 1200px) 100vw, 1200px\" \/><\/a><\/figure>\n\n<h2 class=\"gb-headline gb-headline-46b49b0c gb-headline-text\"><a href=\"https:\/\/sparkassenstiftungen-ka.de\/jugendstiftung\/kreativitaet-musik\/film-vision-schul-contest\/klappe-die-dreizehnte\/\">Klappe die Dreizehnte!<\/a><\/h2>\n\n<div class=\"gb-headline gb-headline-12dd70d8 gb-headline-text\">Bewerbt euch f\u00fcr den 13. Karlsruher Film &amp; Vision Schul-Contest Eure Idee. Euer Team. Euer Film. \ud83c\udfac Habt ihr Lust, einmal selbst einen Film zu &#8230; <a title=\"Klappe die Dreizehnte!\" class=\"read-more\" href=\"https:\/\/sparkassenstiftungen-ka.de\/jugendstiftung\/kreativitaet-musik\/film-vision-schul-contest\/klappe-die-dreizehnte\/\" aria-label=\"Mehr Informationen \u00fcber Klappe die Dreizehnte!\">Weiterlesen &#8230;<\/a><\/div>\n<\/div><\/div>\n\n<div class=\"gb-grid-column gb-grid-column-55d15109 gb-query-loop-item post-3885 post type-post status-publish format-standard has-post-thumbnail hentry category-film-vision-schul-contest\"><div class=\"gb-container gb-container-55d15109\">\n<figure class=\"gb-block-image gb-block-image-d592533d\"><a href=\"https:\/\/sparkassenstiftungen-ka.de\/jugendstiftung\/kreativitaet-musik\/film-vision-schul-contest\/lampenfieber-feiert-filmpremiere\/\"><img loading=\"lazy\" decoding=\"async\" width=\"1200\" height=\"700\" src=\"https:\/\/sparkassenstiftungen-ka.de\/jugendstiftung\/wp-content\/uploads\/sites\/2\/2025\/05\/lampenfieber-film-titel.webp\" class=\"gb-image-d592533d\" alt=\"Lampenfieber 2025\" srcset=\"https:\/\/sparkassenstiftungen-ka.de\/jugendstiftung\/wp-content\/uploads\/sites\/2\/2025\/05\/lampenfieber-film-titel.webp 1200w, https:\/\/sparkassenstiftungen-ka.de\/jugendstiftung\/wp-content\/uploads\/sites\/2\/2025\/05\/lampenfieber-film-titel-300x175.webp 300w, https:\/\/sparkassenstiftungen-ka.de\/jugendstiftung\/wp-content\/uploads\/sites\/2\/2025\/05\/lampenfieber-film-titel-1024x597.webp 1024w, https:\/\/sparkassenstiftungen-ka.de\/jugendstiftung\/wp-content\/uploads\/sites\/2\/2025\/05\/lampenfieber-film-titel-768x448.webp 768w\" sizes=\"auto, (max-width: 1200px) 100vw, 1200px\" \/><\/a><\/figure>\n\n<h2 class=\"gb-headline gb-headline-46b49b0c gb-headline-text\"><a href=\"https:\/\/sparkassenstiftungen-ka.de\/jugendstiftung\/kreativitaet-musik\/film-vision-schul-contest\/lampenfieber-feiert-filmpremiere\/\">\u201eLampenfieber\u201c feiert Filmpremiere auf gro\u00dfer Leinwand<\/a><\/h2>\n\n<div class=\"gb-headline gb-headline-12dd70d8 gb-headline-text\">Die Aufregung der Sch\u00fcler:innen des Helmholtz-Gymnasiums Karlsruhe war bis zum Filmbeginn an diesem Samstagabend in der Schauburg deutlich zu sp\u00fcren. Ihr Film feierte bei der &#8230; <a title=\"\u201eLampenfieber\u201c feiert Filmpremiere auf gro\u00dfer Leinwand\" class=\"read-more\" href=\"https:\/\/sparkassenstiftungen-ka.de\/jugendstiftung\/kreativitaet-musik\/film-vision-schul-contest\/lampenfieber-feiert-filmpremiere\/\" aria-label=\"Mehr Informationen \u00fcber \u201eLampenfieber\u201c feiert Filmpremiere auf gro\u00dfer Leinwand\">Weiterlesen &#8230;<\/a><\/div>\n<\/div><\/div>\n\n<div class=\"gb-grid-column gb-grid-column-55d15109 gb-query-loop-item post-3795 post type-post status-publish format-standard has-post-thumbnail hentry category-film-vision-schul-contest\"><div class=\"gb-container gb-container-55d15109\">\n<figure class=\"gb-block-image gb-block-image-d592533d\"><a href=\"https:\/\/sparkassenstiftungen-ka.de\/jugendstiftung\/kreativitaet-musik\/film-vision-schul-contest\/12-film-vision-schul-contest\/\"><img loading=\"lazy\" decoding=\"async\" width=\"1200\" height=\"700\" src=\"https:\/\/sparkassenstiftungen-ka.de\/jugendstiftung\/wp-content\/uploads\/sites\/2\/2025\/02\/12-Film-Vision-Schul-Contest-titel-neu.webp\" class=\"gb-image-d592533d\" alt=\"12. Film &amp; Vision Schul-Contest\" srcset=\"https:\/\/sparkassenstiftungen-ka.de\/jugendstiftung\/wp-content\/uploads\/sites\/2\/2025\/02\/12-Film-Vision-Schul-Contest-titel-neu.webp 1200w, https:\/\/sparkassenstiftungen-ka.de\/jugendstiftung\/wp-content\/uploads\/sites\/2\/2025\/02\/12-Film-Vision-Schul-Contest-titel-neu-300x175.webp 300w, https:\/\/sparkassenstiftungen-ka.de\/jugendstiftung\/wp-content\/uploads\/sites\/2\/2025\/02\/12-Film-Vision-Schul-Contest-titel-neu-1024x597.webp 1024w, https:\/\/sparkassenstiftungen-ka.de\/jugendstiftung\/wp-content\/uploads\/sites\/2\/2025\/02\/12-Film-Vision-Schul-Contest-titel-neu-768x448.webp 768w\" sizes=\"auto, (max-width: 1200px) 100vw, 1200px\" \/><\/a><\/figure>\n\n<h2 class=\"gb-headline gb-headline-46b49b0c gb-headline-text\"><a href=\"https:\/\/sparkassenstiftungen-ka.de\/jugendstiftung\/kreativitaet-musik\/film-vision-schul-contest\/12-film-vision-schul-contest\/\">12. Film&amp;Vision Schul-Contest<\/a><\/h2>\n\n<div class=\"gb-headline gb-headline-12dd70d8 gb-headline-text\">Der Karlsruher Film&amp;Vision Schul-Contest geht in die n\u00e4chste Runde. Bereits zum 12. Mal wird dieser von der Jugendstiftung und dem Filmboard Karlsruhe e. V. ausgerichtet. &#8230; <a title=\"12. Film&amp;Vision Schul-Contest\" class=\"read-more\" href=\"https:\/\/sparkassenstiftungen-ka.de\/jugendstiftung\/kreativitaet-musik\/film-vision-schul-contest\/12-film-vision-schul-contest\/\" aria-label=\"Mehr Informationen \u00fcber 12. Film&amp;Vision Schul-Contest\">Weiterlesen &#8230;<\/a><\/div>\n<\/div><\/div>\n\n<div class=\"gb-grid-column gb-grid-column-55d15109 gb-query-loop-item post-3461 post type-post status-publish format-standard has-post-thumbnail hentry category-film-vision-schul-contest\"><div class=\"gb-container gb-container-55d15109\">\n<figure class=\"gb-block-image gb-block-image-d592533d\"><a href=\"https:\/\/sparkassenstiftungen-ka.de\/jugendstiftung\/kreativitaet-musik\/film-vision-schul-contest\/vorhang-auf-fuer-the-next-generation-of-kids\/\"><img loading=\"lazy\" decoding=\"async\" width=\"1200\" height=\"700\" src=\"https:\/\/sparkassenstiftungen-ka.de\/jugendstiftung\/wp-content\/uploads\/sites\/2\/2024\/04\/The-next-generation-of-KIds-Header.webp\" class=\"gb-image-d592533d\" alt=\"The next generation of KIds\" srcset=\"https:\/\/sparkassenstiftungen-ka.de\/jugendstiftung\/wp-content\/uploads\/sites\/2\/2024\/04\/The-next-generation-of-KIds-Header.webp 1200w, https:\/\/sparkassenstiftungen-ka.de\/jugendstiftung\/wp-content\/uploads\/sites\/2\/2024\/04\/The-next-generation-of-KIds-Header-300x175.webp 300w, https:\/\/sparkassenstiftungen-ka.de\/jugendstiftung\/wp-content\/uploads\/sites\/2\/2024\/04\/The-next-generation-of-KIds-Header-1024x597.webp 1024w, https:\/\/sparkassenstiftungen-ka.de\/jugendstiftung\/wp-content\/uploads\/sites\/2\/2024\/04\/The-next-generation-of-KIds-Header-768x448.webp 768w\" sizes=\"auto, (max-width: 1200px) 100vw, 1200px\" \/><\/a><\/figure>\n\n<h2 class=\"gb-headline gb-headline-46b49b0c gb-headline-text\"><a href=\"https:\/\/sparkassenstiftungen-ka.de\/jugendstiftung\/kreativitaet-musik\/film-vision-schul-contest\/vorhang-auf-fuer-the-next-generation-of-kids\/\">Vorhang auf f\u00fcr \u201eThe next generation of KIds\u201c<\/a><\/h2>\n\n<div class=\"gb-headline gb-headline-12dd70d8 gb-headline-text\">Was h\u00e4tte die Film-KI-Lehrerin wohl zu dieser glanzvollen Gala gesagt? Nun, sie h\u00e4tte sich vermutlich perfekt gestylt zusammen mit der Filmcrew pr\u00e4sentiert. Aber ob sie &#8230; <a title=\"Vorhang auf f\u00fcr \u201eThe next generation of KIds\u201c\" class=\"read-more\" href=\"https:\/\/sparkassenstiftungen-ka.de\/jugendstiftung\/kreativitaet-musik\/film-vision-schul-contest\/vorhang-auf-fuer-the-next-generation-of-kids\/\" aria-label=\"Mehr Informationen \u00fcber Vorhang auf f\u00fcr \u201eThe next generation of KIds\u201c\">Weiterlesen &#8230;<\/a><\/div>\n<\/div><\/div>\n\n<div class=\"gb-grid-column gb-grid-column-55d15109 gb-query-loop-item post-3430 post type-post status-publish format-standard has-post-thumbnail hentry category-film-vision-schul-contest\"><div class=\"gb-container gb-container-55d15109\">\n<figure class=\"gb-block-image gb-block-image-d592533d\"><a href=\"https:\/\/sparkassenstiftungen-ka.de\/jugendstiftung\/kreativitaet-musik\/film-vision-schul-contest\/11-filmvision-schul-contest\/\"><img loading=\"lazy\" decoding=\"async\" width=\"1200\" height=\"700\" src=\"https:\/\/sparkassenstiftungen-ka.de\/jugendstiftung\/wp-content\/uploads\/sites\/2\/2024\/01\/Film-Vision-Schul-Contest.webp\" class=\"gb-image-d592533d\" alt=\"Film&amp;Vision Schul-Contest\" srcset=\"https:\/\/sparkassenstiftungen-ka.de\/jugendstiftung\/wp-content\/uploads\/sites\/2\/2024\/01\/Film-Vision-Schul-Contest.webp 1200w, https:\/\/sparkassenstiftungen-ka.de\/jugendstiftung\/wp-content\/uploads\/sites\/2\/2024\/01\/Film-Vision-Schul-Contest-300x175.webp 300w, https:\/\/sparkassenstiftungen-ka.de\/jugendstiftung\/wp-content\/uploads\/sites\/2\/2024\/01\/Film-Vision-Schul-Contest-1024x597.webp 1024w, https:\/\/sparkassenstiftungen-ka.de\/jugendstiftung\/wp-content\/uploads\/sites\/2\/2024\/01\/Film-Vision-Schul-Contest-768x448.webp 768w\" sizes=\"auto, (max-width: 1200px) 100vw, 1200px\" \/><\/a><\/figure>\n\n<h2 class=\"gb-headline gb-headline-46b49b0c gb-headline-text\"><a href=\"https:\/\/sparkassenstiftungen-ka.de\/jugendstiftung\/kreativitaet-musik\/film-vision-schul-contest\/11-filmvision-schul-contest\/\">11. Film&amp;Vision Schul-Contest<\/a><\/h2>\n\n<div class=\"gb-headline gb-headline-12dd70d8 gb-headline-text\">Sch\u00fclerstreiche in Zeiten von KI: Diese Kombination verspricht viel Spa\u00df und zugleich eine kritische Auseinandersetzung mit einem Thema, das vollkommen neue Perspektiven er\u00f6ffnet \u2013 in &#8230; <a title=\"11. Film&amp;Vision Schul-Contest\" class=\"read-more\" href=\"https:\/\/sparkassenstiftungen-ka.de\/jugendstiftung\/kreativitaet-musik\/film-vision-schul-contest\/11-filmvision-schul-contest\/\" aria-label=\"Mehr Informationen \u00fcber 11. Film&amp;Vision Schul-Contest\">Weiterlesen &#8230;<\/a><\/div>\n<\/div><\/div>\n\n<div class=\"gb-grid-column gb-grid-column-55d15109 gb-query-loop-item post-3337 post type-post status-publish format-standard has-post-thumbnail hentry category-film-vision-schul-contest\"><div class=\"gb-container gb-container-55d15109\">\n<figure class=\"gb-block-image gb-block-image-d592533d\"><a href=\"https:\/\/sparkassenstiftungen-ka.de\/jugendstiftung\/kreativitaet-musik\/film-vision-schul-contest\/goetheschueler-feiern-filmpremiere\/\"><img loading=\"lazy\" decoding=\"async\" width=\"1200\" height=\"700\" src=\"https:\/\/sparkassenstiftungen-ka.de\/jugendstiftung\/wp-content\/uploads\/sites\/2\/2023\/04\/10-Film-Vision-Schul-Contest.png\" class=\"gb-image-d592533d\" alt=\"10. Film&amp;Vision-Schul-Contest\" srcset=\"https:\/\/sparkassenstiftungen-ka.de\/jugendstiftung\/wp-content\/uploads\/sites\/2\/2023\/04\/10-Film-Vision-Schul-Contest.png 1200w, https:\/\/sparkassenstiftungen-ka.de\/jugendstiftung\/wp-content\/uploads\/sites\/2\/2023\/04\/10-Film-Vision-Schul-Contest-300x175.png 300w, https:\/\/sparkassenstiftungen-ka.de\/jugendstiftung\/wp-content\/uploads\/sites\/2\/2023\/04\/10-Film-Vision-Schul-Contest-1024x597.png 1024w, https:\/\/sparkassenstiftungen-ka.de\/jugendstiftung\/wp-content\/uploads\/sites\/2\/2023\/04\/10-Film-Vision-Schul-Contest-768x448.png 768w\" sizes=\"auto, (max-width: 1200px) 100vw, 1200px\" \/><\/a><\/figure>\n\n<h2 class=\"gb-headline gb-headline-46b49b0c gb-headline-text\"><a href=\"https:\/\/sparkassenstiftungen-ka.de\/jugendstiftung\/kreativitaet-musik\/film-vision-schul-contest\/goetheschueler-feiern-filmpremiere\/\">Goethesch\u00fcler feiern Filmpremiere<\/a><\/h2>\n\n<div class=\"gb-headline gb-headline-12dd70d8 gb-headline-text\">Den glanzvollen Abschluss des Film&amp;Vision Schul-Contests bildete auch in diesem Jahr die Premiere bei den Independent Days in der Schauburg. Nach einer vielversprechenden Kick-Off-Veranstaltung in &#8230; <a title=\"Goethesch\u00fcler feiern Filmpremiere\" class=\"read-more\" href=\"https:\/\/sparkassenstiftungen-ka.de\/jugendstiftung\/kreativitaet-musik\/film-vision-schul-contest\/goetheschueler-feiern-filmpremiere\/\" aria-label=\"Mehr Informationen \u00fcber Goethesch\u00fcler feiern Filmpremiere\">Weiterlesen &#8230;<\/a><\/div>\n<\/div><\/div>\n\n<div class=\"gb-grid-column gb-grid-column-55d15109 gb-query-loop-item post-2846 post type-post status-publish format-standard has-post-thumbnail hentry category-film-vision-schul-contest\"><div class=\"gb-container gb-container-55d15109\">\n<figure class=\"gb-block-image gb-block-image-d592533d\"><a href=\"https:\/\/sparkassenstiftungen-ka.de\/jugendstiftung\/kreativitaet-musik\/film-vision-schul-contest\/filmvision-schul-contest\/\"><img loading=\"lazy\" decoding=\"async\" width=\"910\" height=\"548\" src=\"https:\/\/sparkassenstiftungen-ka.de\/jugendstiftung\/wp-content\/uploads\/sites\/2\/2023\/10\/Filmcontest-Goethe-Kick-Off-2023.jpg\" class=\"gb-image-d592533d\" alt=\"10. Film&amp;Vision Schul-Contest\" srcset=\"https:\/\/sparkassenstiftungen-ka.de\/jugendstiftung\/wp-content\/uploads\/sites\/2\/2023\/10\/Filmcontest-Goethe-Kick-Off-2023.jpg 910w, https:\/\/sparkassenstiftungen-ka.de\/jugendstiftung\/wp-content\/uploads\/sites\/2\/2023\/10\/Filmcontest-Goethe-Kick-Off-2023-300x181.jpg 300w, https:\/\/sparkassenstiftungen-ka.de\/jugendstiftung\/wp-content\/uploads\/sites\/2\/2023\/10\/Filmcontest-Goethe-Kick-Off-2023-768x462.jpg 768w\" sizes=\"auto, (max-width: 910px) 100vw, 910px\" \/><\/a><\/figure>\n\n<h2 class=\"gb-headline gb-headline-46b49b0c gb-headline-text\"><a href=\"https:\/\/sparkassenstiftungen-ka.de\/jugendstiftung\/kreativitaet-musik\/film-vision-schul-contest\/filmvision-schul-contest\/\">Film&amp;Vision Schul-Contest<\/a><\/h2>\n\n<div class=\"gb-headline gb-headline-12dd70d8 gb-headline-text\">Nach zweij\u00e4hriger Corona-Pause feiert der Film&amp;Vision Schul-Contest in diesem Jahr seinen Restart und zugleich ein Jubil\u00e4um. Zum zehnten Mal gibt das gemeinsame Projekt der Jugendstiftung &#8230; <a title=\"Film&amp;Vision Schul-Contest\" class=\"read-more\" href=\"https:\/\/sparkassenstiftungen-ka.de\/jugendstiftung\/kreativitaet-musik\/film-vision-schul-contest\/filmvision-schul-contest\/\" aria-label=\"Mehr Informationen \u00fcber Film&amp;Vision Schul-Contest\">Weiterlesen &#8230;<\/a><\/div>\n<\/div><\/div>\n\n<div class=\"gb-grid-column gb-grid-column-55d15109 gb-query-loop-item post-3068 post type-post status-publish format-standard has-post-thumbnail hentry category-film-vision-schul-contest\"><div class=\"gb-container gb-container-55d15109\">\n<figure class=\"gb-block-image gb-block-image-d592533d\"><a href=\"https:\/\/sparkassenstiftungen-ka.de\/jugendstiftung\/kreativitaet-musik\/film-vision-schul-contest\/premierenfeier-im-puschenkino\/\"><img loading=\"lazy\" decoding=\"async\" width=\"1200\" height=\"900\" src=\"https:\/\/sparkassenstiftungen-ka.de\/jugendstiftung\/wp-content\/uploads\/sites\/2\/2023\/10\/Film-Vision-Schul-Contest-2020.jpg\" class=\"gb-image-d592533d\" alt=\"Film-Vision Schul-Contest Filmteam 2020\" srcset=\"https:\/\/sparkassenstiftungen-ka.de\/jugendstiftung\/wp-content\/uploads\/sites\/2\/2023\/10\/Film-Vision-Schul-Contest-2020.jpg 1200w, https:\/\/sparkassenstiftungen-ka.de\/jugendstiftung\/wp-content\/uploads\/sites\/2\/2023\/10\/Film-Vision-Schul-Contest-2020-300x225.jpg 300w, https:\/\/sparkassenstiftungen-ka.de\/jugendstiftung\/wp-content\/uploads\/sites\/2\/2023\/10\/Film-Vision-Schul-Contest-2020-1024x768.jpg 1024w, https:\/\/sparkassenstiftungen-ka.de\/jugendstiftung\/wp-content\/uploads\/sites\/2\/2023\/10\/Film-Vision-Schul-Contest-2020-768x576.jpg 768w\" sizes=\"auto, (max-width: 1200px) 100vw, 1200px\" \/><\/a><\/figure>\n\n<h2 class=\"gb-headline gb-headline-46b49b0c gb-headline-text\"><a href=\"https:\/\/sparkassenstiftungen-ka.de\/jugendstiftung\/kreativitaet-musik\/film-vision-schul-contest\/premierenfeier-im-puschenkino\/\">Premierenfeier im Puschenkino<\/a><\/h2>\n\n<div class=\"gb-headline gb-headline-12dd70d8 gb-headline-text\">Puschen statt Pumps und Couch statt Showtreppe: In diesem Jahr ist alles anders &#8211; auch beim 9. Film&amp;Vision Schul-Contest. Bei der Kick-Off-Veranstaltung im Januar konnte &#8230; <a title=\"Premierenfeier im Puschenkino\" class=\"read-more\" href=\"https:\/\/sparkassenstiftungen-ka.de\/jugendstiftung\/kreativitaet-musik\/film-vision-schul-contest\/premierenfeier-im-puschenkino\/\" aria-label=\"Mehr Informationen \u00fcber Premierenfeier im Puschenkino\">Weiterlesen &#8230;<\/a><\/div>\n<\/div><\/div>\n\n<div class=\"gb-grid-column gb-grid-column-55d15109 gb-query-loop-item post-3072 post type-post status-publish format-standard has-post-thumbnail hentry category-film-vision-schul-contest\"><div class=\"gb-container gb-container-55d15109\">\n<figure class=\"gb-block-image gb-block-image-d592533d\"><a href=\"https:\/\/sparkassenstiftungen-ka.de\/jugendstiftung\/kreativitaet-musik\/film-vision-schul-contest\/filmvision-schul-contest-2\/\"><img loading=\"lazy\" decoding=\"async\" width=\"1200\" height=\"669\" src=\"https:\/\/sparkassenstiftungen-ka.de\/jugendstiftung\/wp-content\/uploads\/sites\/2\/2023\/10\/Sparkassen_Filmworkshop_Gruppenbild.jpg\" class=\"gb-image-d592533d\" alt=\"9. Film&amp;Vision Schul-Contest\" srcset=\"https:\/\/sparkassenstiftungen-ka.de\/jugendstiftung\/wp-content\/uploads\/sites\/2\/2023\/10\/Sparkassen_Filmworkshop_Gruppenbild.jpg 1200w, https:\/\/sparkassenstiftungen-ka.de\/jugendstiftung\/wp-content\/uploads\/sites\/2\/2023\/10\/Sparkassen_Filmworkshop_Gruppenbild-300x167.jpg 300w, https:\/\/sparkassenstiftungen-ka.de\/jugendstiftung\/wp-content\/uploads\/sites\/2\/2023\/10\/Sparkassen_Filmworkshop_Gruppenbild-1024x571.jpg 1024w, https:\/\/sparkassenstiftungen-ka.de\/jugendstiftung\/wp-content\/uploads\/sites\/2\/2023\/10\/Sparkassen_Filmworkshop_Gruppenbild-768x428.jpg 768w\" sizes=\"auto, (max-width: 1200px) 100vw, 1200px\" \/><\/a><\/figure>\n\n<h2 class=\"gb-headline gb-headline-46b49b0c gb-headline-text\"><a href=\"https:\/\/sparkassenstiftungen-ka.de\/jugendstiftung\/kreativitaet-musik\/film-vision-schul-contest\/filmvision-schul-contest-2\/\">Film&amp;Vision Schul-Contest<\/a><\/h2>\n\n<div class=\"gb-headline gb-headline-12dd70d8 gb-headline-text\">\u201eDie R\u00fcckkehr des Akscheyen\u201c ist der Arbeitstitel des Kurzfilms, den die Sch\u00fcler*innen des Helmholtz-Gymnasiums in den kommenden Wochen realisieren werden. Unter der professionellen Leitung des &#8230; <a title=\"Film&amp;Vision Schul-Contest\" class=\"read-more\" href=\"https:\/\/sparkassenstiftungen-ka.de\/jugendstiftung\/kreativitaet-musik\/film-vision-schul-contest\/filmvision-schul-contest-2\/\" aria-label=\"Mehr Informationen \u00fcber Film&amp;Vision Schul-Contest\">Weiterlesen &#8230;<\/a><\/div>\n<\/div><\/div>\n<\/div>\n","protected":false},"excerpt":{"rendered":"<p>Film &amp; Vision Contest<\/p>\n","protected":false},"author":2,"featured_media":2847,"parent":3293,"menu_order":0,"comment_status":"closed","ping_status":"closed","template":"","meta":{"footnotes":""},"class_list":{"0":"post-3300","1":"page","2":"type-page","3":"status-publish","4":"has-post-thumbnail","6":"resize-featured-image"},"_links":{"self":[{"href":"https:\/\/sparkassenstiftungen-ka.de\/jugendstiftung\/wp-json\/wp\/v2\/pages\/3300","targetHints":{"allow":["GET"]}}],"collection":[{"href":"https:\/\/sparkassenstiftungen-ka.de\/jugendstiftung\/wp-json\/wp\/v2\/pages"}],"about":[{"href":"https:\/\/sparkassenstiftungen-ka.de\/jugendstiftung\/wp-json\/wp\/v2\/types\/page"}],"author":[{"embeddable":true,"href":"https:\/\/sparkassenstiftungen-ka.de\/jugendstiftung\/wp-json\/wp\/v2\/users\/2"}],"replies":[{"embeddable":true,"href":"https:\/\/sparkassenstiftungen-ka.de\/jugendstiftung\/wp-json\/wp\/v2\/comments?post=3300"}],"version-history":[{"count":1,"href":"https:\/\/sparkassenstiftungen-ka.de\/jugendstiftung\/wp-json\/wp\/v2\/pages\/3300\/revisions"}],"predecessor-version":[{"id":3301,"href":"https:\/\/sparkassenstiftungen-ka.de\/jugendstiftung\/wp-json\/wp\/v2\/pages\/3300\/revisions\/3301"}],"up":[{"embeddable":true,"href":"https:\/\/sparkassenstiftungen-ka.de\/jugendstiftung\/wp-json\/wp\/v2\/pages\/3293"}],"wp:featuredmedia":[{"embeddable":true,"href":"https:\/\/sparkassenstiftungen-ka.de\/jugendstiftung\/wp-json\/wp\/v2\/media\/2847"}],"wp:attachment":[{"href":"https:\/\/sparkassenstiftungen-ka.de\/jugendstiftung\/wp-json\/wp\/v2\/media?parent=3300"}],"curies":[{"name":"wp","href":"https:\/\/api.w.org\/{rel}","templated":true}]}}