{"id":3293,"date":"2023-10-19T13:38:45","date_gmt":"2023-10-19T11:38:45","guid":{"rendered":"https:\/\/sparkassenstiftungen-ka.de\/jugendstiftung\/?page_id=3293"},"modified":"2023-10-20T06:48:30","modified_gmt":"2023-10-20T04:48:30","slug":"kreativitaet-und-musik","status":"publish","type":"page","link":"https:\/\/sparkassenstiftungen-ka.de\/jugendstiftung\/kreativitaet-und-musik\/","title":{"rendered":"Kreativit\u00e4t und Musik"},"content":{"rendered":"<div class=\"gb-container gb-container-4d0fcf84\">\n\n<h2 class=\"gb-headline gb-headline-260cbf02 gb-headline-text\">Kreativit\u00e4t und Musik<\/h2>\n\n\n\n<p>Kreativit\u00e4t und Musik spielen eine wichtige Rolle in der ganzheitlichen Entwicklung von Kindern und Jugendlichen. Mit ihren eigenen Projekten und finanziellen F\u00f6rderungen leistet die Jugendstiftung einen wertvollen Beitrag dazu.<\/p>\n\n\n<div class=\"gb-grid-wrapper gb-grid-wrapper-5e663e58\">\n<div class=\"gb-grid-column gb-grid-column-b08e3678\"><div class=\"gb-container gb-container-b08e3678\"><div class=\"gb-inside-container\">\n\n<div class=\"gb-grid-wrapper gb-grid-wrapper-e93e404e gb-query-loop-wrapper\">\n<div class=\"gb-grid-column gb-grid-column-6f193943 gb-query-loop-item post-3308 page type-page status-publish has-post-thumbnail\"><article class=\"gb-container gb-container-6f193943\" style=\"--background-image: url(https:\/\/sparkassenstiftungen-ka.de\/jugendstiftung\/wp-content\/uploads\/sites\/2\/2023\/10\/sing-mit-logo-gross-768x479.png);\"><a class=\"gb-container-link\" href=\"https:\/\/sparkassenstiftungen-ka.de\/jugendstiftung\/kreativitaet-und-musik\/wettbewerb-sing-mit\/\"><\/a><div class=\"gb-inside-container\">\n<h3 class=\"gb-headline gb-headline-9467764e gb-headline-text\"><a href=\"https:\/\/sparkassenstiftungen-ka.de\/jugendstiftung\/kreativitaet-und-musik\/wettbewerb-sing-mit\/\">Wettbewerb Sing Mit<\/a><\/h3>\n<\/div><\/article><\/div>\n<\/div>\n\n<\/div><\/div><\/div>\n\n<div class=\"gb-grid-column gb-grid-column-c23a5eec\"><div class=\"gb-container gb-container-c23a5eec\"><div class=\"gb-inside-container\">\n\n<div class=\"gb-grid-wrapper gb-grid-wrapper-6bcd332f gb-query-loop-wrapper\">\n<div class=\"gb-grid-column gb-grid-column-5372f132 gb-query-loop-item post-3306 page type-page status-publish has-post-thumbnail\"><article class=\"gb-container gb-container-5372f132\" style=\"--background-image: url(https:\/\/sparkassenstiftungen-ka.de\/jugendstiftung\/wp-content\/uploads\/sites\/2\/2023\/10\/schreibwettbewerb-768x417.jpg);\"><a class=\"gb-container-link\" href=\"https:\/\/sparkassenstiftungen-ka.de\/jugendstiftung\/kreativitaet-und-musik\/schreibwettbewerb\/\"><\/a><div class=\"gb-inside-container\">\n<h3 class=\"gb-headline gb-headline-cc2f5ede gb-headline-text\"><a href=\"https:\/\/sparkassenstiftungen-ka.de\/jugendstiftung\/kreativitaet-und-musik\/schreibwettbewerb\/\">Schreibwettbewerb<\/a><\/h3>\n<\/div><\/article><\/div>\n<\/div>\n\n<\/div><\/div><\/div>\n<\/div>\n\n<div class=\"gb-grid-wrapper gb-grid-wrapper-d1b0bc41\">\n<div class=\"gb-grid-column gb-grid-column-dae4b724\"><div class=\"gb-container gb-container-dae4b724\"><div class=\"gb-inside-container\">\n\n<div class=\"gb-grid-wrapper gb-grid-wrapper-60621c9d gb-query-loop-wrapper\">\n<div class=\"gb-grid-column gb-grid-column-9088daf3 gb-query-loop-item post-3304 page type-page status-publish has-post-thumbnail\"><article class=\"gb-container gb-container-9088daf3\" style=\"--background-image: url(https:\/\/sparkassenstiftungen-ka.de\/jugendstiftung\/wp-content\/uploads\/sites\/2\/2023\/10\/201907_SING_BACH-768x443.jpg);\"><a class=\"gb-container-link\" href=\"https:\/\/sparkassenstiftungen-ka.de\/jugendstiftung\/kreativitaet-und-musik\/projektwoche-sing-bach\/\"><\/a><div class=\"gb-inside-container\">\n<h3 class=\"gb-headline gb-headline-92fce05b gb-headline-text\"><a href=\"https:\/\/sparkassenstiftungen-ka.de\/jugendstiftung\/kreativitaet-und-musik\/projektwoche-sing-bach\/\">Projektwoche Sing Bach<\/a><\/h3>\n<\/div><\/article><\/div>\n<\/div>\n\n<\/div><\/div><\/div>\n\n<div class=\"gb-grid-column gb-grid-column-27deee25\"><div class=\"gb-container gb-container-27deee25\"><div class=\"gb-inside-container\">\n\n<div class=\"gb-grid-wrapper gb-grid-wrapper-560cb1ff gb-query-loop-wrapper\">\n<div class=\"gb-grid-column gb-grid-column-5dd34505 gb-query-loop-item post-3302 page type-page status-publish has-post-thumbnail\"><article class=\"gb-container gb-container-5dd34505\" style=\"--background-image: url(https:\/\/sparkassenstiftungen-ka.de\/jugendstiftung\/wp-content\/uploads\/sites\/2\/2023\/10\/Kreativitaet_Knielingen_2019-768x440.jpg);\"><a class=\"gb-container-link\" href=\"https:\/\/sparkassenstiftungen-ka.de\/jugendstiftung\/kreativitaet-und-musik\/kreativitaet-in-der-schule\/\"><\/a><div class=\"gb-inside-container\">\n<h4 class=\"gb-headline gb-headline-8a1c77ca gb-headline-text\"><a href=\"https:\/\/sparkassenstiftungen-ka.de\/jugendstiftung\/kreativitaet-und-musik\/kreativitaet-in-der-schule\/\">Kreativit\u00e4t in der Schule<\/a><\/h4>\n<\/div><\/article><\/div>\n\n<div class=\"gb-grid-column gb-grid-column-5dd34505 gb-query-loop-item post-3300 page type-page status-publish has-post-thumbnail\"><article class=\"gb-container gb-container-5dd34505\" style=\"--background-image: url(https:\/\/sparkassenstiftungen-ka.de\/jugendstiftung\/wp-content\/uploads\/sites\/2\/2023\/10\/Filmcontest-Goethe-Kick-Off-2023-768x462.jpg);\"><a class=\"gb-container-link\" href=\"https:\/\/sparkassenstiftungen-ka.de\/jugendstiftung\/kreativitaet-und-musik\/film-vision-contest\/\"><\/a><div class=\"gb-inside-container\">\n<h4 class=\"gb-headline gb-headline-8a1c77ca gb-headline-text\"><a href=\"https:\/\/sparkassenstiftungen-ka.de\/jugendstiftung\/kreativitaet-und-musik\/film-vision-contest\/\">Film &#038; Vision Contest<\/a><\/h4>\n<\/div><\/article><\/div>\n\n<div class=\"gb-grid-column gb-grid-column-5dd34505 gb-query-loop-item post-3298 page type-page status-publish has-post-thumbnail\"><article class=\"gb-container gb-container-5dd34505\" style=\"--background-image: url(https:\/\/sparkassenstiftungen-ka.de\/jugendstiftung\/wp-content\/uploads\/sites\/2\/2023\/10\/Ferienspass-in-den-Sommerferien-2021-768x457.jpg);\"><a class=\"gb-container-link\" href=\"https:\/\/sparkassenstiftungen-ka.de\/jugendstiftung\/kreativitaet-und-musik\/ferienspass\/\"><\/a><div class=\"gb-inside-container\">\n<h4 class=\"gb-headline gb-headline-8a1c77ca gb-headline-text\"><a href=\"https:\/\/sparkassenstiftungen-ka.de\/jugendstiftung\/kreativitaet-und-musik\/ferienspass\/\">Ferienspass<\/a><\/h4>\n<\/div><\/article><\/div>\n\n<div class=\"gb-grid-column gb-grid-column-5dd34505 gb-query-loop-item post-3296 page type-page status-publish has-post-thumbnail\"><article class=\"gb-container gb-container-5dd34505\" style=\"--background-image: url(https:\/\/sparkassenstiftungen-ka.de\/jugendstiftung\/wp-content\/uploads\/sites\/2\/2023\/10\/oberstufenmatinee-768x476.jpg);\"><a class=\"gb-container-link\" href=\"https:\/\/sparkassenstiftungen-ka.de\/jugendstiftung\/kreativitaet-und-musik\/autorenlesung\/\"><\/a><div class=\"gb-inside-container\">\n<h4 class=\"gb-headline gb-headline-8a1c77ca gb-headline-text\"><a href=\"https:\/\/sparkassenstiftungen-ka.de\/jugendstiftung\/kreativitaet-und-musik\/autorenlesung\/\">Autorenlesung<\/a><\/h4>\n<\/div><\/article><\/div>\n<\/div>\n\n<\/div><\/div><\/div>\n<\/div>\n\n\n<h2 class=\"gb-headline gb-headline-fb6d4822 gb-headline-text\">Die Aktivit\u00e4ten der Jugendstiftung<\/h2>\n\n\n\n<div class=\"gb-grid-wrapper gb-grid-wrapper-9dc591a5 gb-query-loop-wrapper\">\n<div class=\"gb-grid-column gb-grid-column-55d15109 gb-query-loop-item post-4172 post type-post status-publish format-standard has-post-thumbnail hentry category-chorwettbewerb-sing-mit\"><div class=\"gb-container gb-container-55d15109\">\n<figure class=\"gb-block-image gb-block-image-d592533d\"><a href=\"https:\/\/sparkassenstiftungen-ka.de\/jugendstiftung\/kreativitaet-musik\/chorwettbewerb-sing-mit\/sing-mit-2026\/\"><img loading=\"lazy\" decoding=\"async\" width=\"1540\" height=\"960\" src=\"https:\/\/sparkassenstiftungen-ka.de\/jugendstiftung\/wp-content\/uploads\/sites\/2\/2023\/10\/sing-mit-logo-gross.png\" class=\"gb-image-d592533d\" alt=\"Chorwettbewerb Sing mit\" srcset=\"https:\/\/sparkassenstiftungen-ka.de\/jugendstiftung\/wp-content\/uploads\/sites\/2\/2023\/10\/sing-mit-logo-gross.png 1540w, https:\/\/sparkassenstiftungen-ka.de\/jugendstiftung\/wp-content\/uploads\/sites\/2\/2023\/10\/sing-mit-logo-gross-300x187.png 300w, https:\/\/sparkassenstiftungen-ka.de\/jugendstiftung\/wp-content\/uploads\/sites\/2\/2023\/10\/sing-mit-logo-gross-1024x638.png 1024w, https:\/\/sparkassenstiftungen-ka.de\/jugendstiftung\/wp-content\/uploads\/sites\/2\/2023\/10\/sing-mit-logo-gross-768x479.png 768w, https:\/\/sparkassenstiftungen-ka.de\/jugendstiftung\/wp-content\/uploads\/sites\/2\/2023\/10\/sing-mit-logo-gross-1536x958.png 1536w\" sizes=\"auto, (max-width: 1540px) 100vw, 1540px\" \/><\/a><\/figure>\n\n<h2 class=\"gb-headline gb-headline-46b49b0c gb-headline-text\"><a href=\"https:\/\/sparkassenstiftungen-ka.de\/jugendstiftung\/kreativitaet-musik\/chorwettbewerb-sing-mit\/sing-mit-2026\/\">Einladung zum 8. Karlsruher Chorwettbewerb f\u00fcr weiterf\u00fchrende Schulen \u2013 \u201eSing mit!\u201c 2026<\/a><\/h2>\n\n<div class=\"gb-headline gb-headline-12dd70d8 gb-headline-text\">B\u00fchne frei f\u00fcr eure Stimmen! Das urspr\u00fcnglich geplante Vorstellungskonzert f\u00fcr den Chorwettbewerb Sing mit! am 23. April 2026 im Badischen Konservatorium findet nicht statt. Stattdessen &#8230; <a title=\"Einladung zum 8. Karlsruher Chorwettbewerb f\u00fcr weiterf\u00fchrende Schulen \u2013 \u201eSing mit!\u201c 2026\" class=\"read-more\" href=\"https:\/\/sparkassenstiftungen-ka.de\/jugendstiftung\/kreativitaet-musik\/chorwettbewerb-sing-mit\/sing-mit-2026\/\" aria-label=\"Mehr Informationen \u00fcber Einladung zum 8. Karlsruher Chorwettbewerb f\u00fcr weiterf\u00fchrende Schulen \u2013 \u201eSing mit!\u201c 2026\">Weiterlesen &#8230;<\/a><\/div>\n<\/div><\/div>\n\n<div class=\"gb-grid-column gb-grid-column-55d15109 gb-query-loop-item post-4196 post type-post status-publish format-standard has-post-thumbnail hentry category-schreibwettbewerb\"><div class=\"gb-container gb-container-55d15109\">\n<figure class=\"gb-block-image gb-block-image-d592533d\"><a href=\"https:\/\/sparkassenstiftungen-ka.de\/jugendstiftung\/kreativitaet-musik\/schreibwettbewerb\/lust-am-schreiben-2025-preistraegerveranstaltung\/\"><img loading=\"lazy\" decoding=\"async\" width=\"1200\" height=\"700\" src=\"https:\/\/sparkassenstiftungen-ka.de\/jugendstiftung\/wp-content\/uploads\/sites\/2\/2025\/11\/Preisverleihung-Schreibwettbewerb-2025-02.webp\" class=\"gb-image-d592533d\" alt=\"Lust am Schreiben? 2025 \u2013 Preistr\u00e4gerveranstaltung\" srcset=\"https:\/\/sparkassenstiftungen-ka.de\/jugendstiftung\/wp-content\/uploads\/sites\/2\/2025\/11\/Preisverleihung-Schreibwettbewerb-2025-02.webp 1200w, https:\/\/sparkassenstiftungen-ka.de\/jugendstiftung\/wp-content\/uploads\/sites\/2\/2025\/11\/Preisverleihung-Schreibwettbewerb-2025-02-300x175.webp 300w, https:\/\/sparkassenstiftungen-ka.de\/jugendstiftung\/wp-content\/uploads\/sites\/2\/2025\/11\/Preisverleihung-Schreibwettbewerb-2025-02-1024x597.webp 1024w, https:\/\/sparkassenstiftungen-ka.de\/jugendstiftung\/wp-content\/uploads\/sites\/2\/2025\/11\/Preisverleihung-Schreibwettbewerb-2025-02-768x448.webp 768w\" sizes=\"auto, (max-width: 1200px) 100vw, 1200px\" \/><\/a><\/figure>\n\n<h2 class=\"gb-headline gb-headline-46b49b0c gb-headline-text\"><a href=\"https:\/\/sparkassenstiftungen-ka.de\/jugendstiftung\/kreativitaet-musik\/schreibwettbewerb\/lust-am-schreiben-2025-preistraegerveranstaltung\/\">Lust am Schreiben? 2025 \u2013 Preistr\u00e4gerveranstaltung<\/a><\/h2>\n\n<div class=\"gb-headline gb-headline-12dd70d8 gb-headline-text\">Am 13. November 2025 fand die feierliche Preistr\u00e4gerveranstaltung des 8. Schreibwettbewerbs \u201eLust am Schreiben?\u201c statt. Unter dem diesj\u00e4hrigen Thema \u201eNacht\u201c wurden wieder zahlreiche beeindruckende Texte &#8230; <a title=\"Lust am Schreiben? 2025 \u2013 Preistr\u00e4gerveranstaltung\" class=\"read-more\" href=\"https:\/\/sparkassenstiftungen-ka.de\/jugendstiftung\/kreativitaet-musik\/schreibwettbewerb\/lust-am-schreiben-2025-preistraegerveranstaltung\/\" aria-label=\"Mehr Informationen \u00fcber Lust am Schreiben? 2025 \u2013 Preistr\u00e4gerveranstaltung\">Weiterlesen &#8230;<\/a><\/div>\n<\/div><\/div>\n\n<div class=\"gb-grid-column gb-grid-column-55d15109 gb-query-loop-item post-4164 post type-post status-publish format-standard has-post-thumbnail hentry category-ferienspass\"><div class=\"gb-container gb-container-55d15109\">\n<figure class=\"gb-block-image gb-block-image-d592533d\"><a href=\"https:\/\/sparkassenstiftungen-ka.de\/jugendstiftung\/kreativitaet-musik\/ferienspass\/ferienspass-2025\/\"><img loading=\"lazy\" decoding=\"async\" width=\"1200\" height=\"700\" src=\"https:\/\/sparkassenstiftungen-ka.de\/jugendstiftung\/wp-content\/uploads\/sites\/2\/2025\/11\/ferienspass-2025.webp\" class=\"gb-image-d592533d\" alt=\"Ferienspass 2025\" srcset=\"https:\/\/sparkassenstiftungen-ka.de\/jugendstiftung\/wp-content\/uploads\/sites\/2\/2025\/11\/ferienspass-2025.webp 1200w, https:\/\/sparkassenstiftungen-ka.de\/jugendstiftung\/wp-content\/uploads\/sites\/2\/2025\/11\/ferienspass-2025-300x175.webp 300w, https:\/\/sparkassenstiftungen-ka.de\/jugendstiftung\/wp-content\/uploads\/sites\/2\/2025\/11\/ferienspass-2025-1024x597.webp 1024w, https:\/\/sparkassenstiftungen-ka.de\/jugendstiftung\/wp-content\/uploads\/sites\/2\/2025\/11\/ferienspass-2025-768x448.webp 768w\" sizes=\"auto, (max-width: 1200px) 100vw, 1200px\" \/><\/a><\/figure>\n\n<h2 class=\"gb-headline gb-headline-46b49b0c gb-headline-text\"><a href=\"https:\/\/sparkassenstiftungen-ka.de\/jugendstiftung\/kreativitaet-musik\/ferienspass\/ferienspass-2025\/\">Sommer, Sonne, Abenteuer \u2013 Ferienspa\u00df in den Sommerferien 2025<\/a><\/h2>\n\n<div class=\"gb-headline gb-headline-12dd70d8 gb-headline-text\">Die Jugendstiftung der Sparkasse Karlsruhe unterst\u00fctzt seit vielen Jahren Ferienprogramme in der Region, um jungen Menschen Erlebnisse zu erm\u00f6glichen, die verbinden, bilden und begeistern. Ob &#8230; <a title=\"Sommer, Sonne, Abenteuer \u2013 Ferienspa\u00df in den Sommerferien 2025\" class=\"read-more\" href=\"https:\/\/sparkassenstiftungen-ka.de\/jugendstiftung\/kreativitaet-musik\/ferienspass\/ferienspass-2025\/\" aria-label=\"Mehr Informationen \u00fcber Sommer, Sonne, Abenteuer \u2013 Ferienspa\u00df in den Sommerferien 2025\">Weiterlesen &#8230;<\/a><\/div>\n<\/div><\/div>\n\n<div class=\"gb-grid-column gb-grid-column-55d15109 gb-query-loop-item post-4147 post type-post status-publish format-standard has-post-thumbnail hentry category-schreibwettbewerb\"><div class=\"gb-container gb-container-55d15109\">\n<figure class=\"gb-block-image gb-block-image-d592533d\"><a href=\"https:\/\/sparkassenstiftungen-ka.de\/jugendstiftung\/kreativitaet-musik\/schreibwettbewerb\/lust-am-schreiben-2026\/\"><img loading=\"lazy\" decoding=\"async\" width=\"1200\" height=\"651\" src=\"https:\/\/sparkassenstiftungen-ka.de\/jugendstiftung\/wp-content\/uploads\/sites\/2\/2023\/10\/schreibwettbewerb.jpg\" class=\"gb-image-d592533d\" alt=\"Lust am Schreiben! Schreibwettbewerb\" srcset=\"https:\/\/sparkassenstiftungen-ka.de\/jugendstiftung\/wp-content\/uploads\/sites\/2\/2023\/10\/schreibwettbewerb.jpg 1200w, https:\/\/sparkassenstiftungen-ka.de\/jugendstiftung\/wp-content\/uploads\/sites\/2\/2023\/10\/schreibwettbewerb-300x163.jpg 300w, https:\/\/sparkassenstiftungen-ka.de\/jugendstiftung\/wp-content\/uploads\/sites\/2\/2023\/10\/schreibwettbewerb-1024x556.jpg 1024w, https:\/\/sparkassenstiftungen-ka.de\/jugendstiftung\/wp-content\/uploads\/sites\/2\/2023\/10\/schreibwettbewerb-768x417.jpg 768w\" sizes=\"auto, (max-width: 1200px) 100vw, 1200px\" \/><\/a><\/figure>\n\n<h2 class=\"gb-headline gb-headline-46b49b0c gb-headline-text\"><a href=\"https:\/\/sparkassenstiftungen-ka.de\/jugendstiftung\/kreativitaet-musik\/schreibwettbewerb\/lust-am-schreiben-2026\/\">Lust am Schreiben? 2026 \u2013 9. Schreibwettbewerb f\u00fcr Gymnasien<\/a><\/h2>\n\n<div class=\"gb-headline gb-headline-12dd70d8 gb-headline-text\">Manchmal liegen sie dicht beieinander, manchmal trennen sie Welten: N\u00e4he &amp; Ferne. Zwei Worte, die vieles bedeuten k\u00f6nnen \u2013 und Raum f\u00fcr unz\u00e4hlige Gedanken, Gef\u00fchle &#8230; <a title=\"Lust am Schreiben? 2026 \u2013 9. Schreibwettbewerb f\u00fcr Gymnasien\" class=\"read-more\" href=\"https:\/\/sparkassenstiftungen-ka.de\/jugendstiftung\/kreativitaet-musik\/schreibwettbewerb\/lust-am-schreiben-2026\/\" aria-label=\"Mehr Informationen \u00fcber Lust am Schreiben? 2026 \u2013 9. Schreibwettbewerb f\u00fcr Gymnasien\">Weiterlesen &#8230;<\/a><\/div>\n<\/div><\/div>\n\n<div class=\"gb-grid-column gb-grid-column-55d15109 gb-query-loop-item post-4131 post type-post status-publish format-standard has-post-thumbnail hentry category-film-vision-schul-contest\"><div class=\"gb-container gb-container-55d15109\">\n<figure class=\"gb-block-image gb-block-image-d592533d\"><a href=\"https:\/\/sparkassenstiftungen-ka.de\/jugendstiftung\/kreativitaet-musik\/film-vision-schul-contest\/klappe-die-dreizehnte\/\"><img loading=\"lazy\" decoding=\"async\" width=\"1200\" height=\"700\" src=\"https:\/\/sparkassenstiftungen-ka.de\/jugendstiftung\/wp-content\/uploads\/sites\/2\/2025\/10\/13_Film_Vision_Schul-Contest_2025-26_1200x700-3px.png\" class=\"gb-image-d592533d\" alt=\"\" srcset=\"https:\/\/sparkassenstiftungen-ka.de\/jugendstiftung\/wp-content\/uploads\/sites\/2\/2025\/10\/13_Film_Vision_Schul-Contest_2025-26_1200x700-3px.png 1200w, https:\/\/sparkassenstiftungen-ka.de\/jugendstiftung\/wp-content\/uploads\/sites\/2\/2025\/10\/13_Film_Vision_Schul-Contest_2025-26_1200x700-3px-300x175.png 300w, https:\/\/sparkassenstiftungen-ka.de\/jugendstiftung\/wp-content\/uploads\/sites\/2\/2025\/10\/13_Film_Vision_Schul-Contest_2025-26_1200x700-3px-1024x597.png 1024w, https:\/\/sparkassenstiftungen-ka.de\/jugendstiftung\/wp-content\/uploads\/sites\/2\/2025\/10\/13_Film_Vision_Schul-Contest_2025-26_1200x700-3px-768x448.png 768w\" sizes=\"auto, (max-width: 1200px) 100vw, 1200px\" \/><\/a><\/figure>\n\n<h2 class=\"gb-headline gb-headline-46b49b0c gb-headline-text\"><a href=\"https:\/\/sparkassenstiftungen-ka.de\/jugendstiftung\/kreativitaet-musik\/film-vision-schul-contest\/klappe-die-dreizehnte\/\">Klappe die Dreizehnte!<\/a><\/h2>\n\n<div class=\"gb-headline gb-headline-12dd70d8 gb-headline-text\">Bewerbt euch f\u00fcr den 13. Karlsruher Film &amp; Vision Schul-Contest Eure Idee. Euer Team. Euer Film. \ud83c\udfac Habt ihr Lust, einmal selbst einen Film zu &#8230; <a title=\"Klappe die Dreizehnte!\" class=\"read-more\" href=\"https:\/\/sparkassenstiftungen-ka.de\/jugendstiftung\/kreativitaet-musik\/film-vision-schul-contest\/klappe-die-dreizehnte\/\" aria-label=\"Mehr Informationen \u00fcber Klappe die Dreizehnte!\">Weiterlesen &#8230;<\/a><\/div>\n<\/div><\/div>\n\n<div class=\"gb-grid-column gb-grid-column-55d15109 gb-query-loop-item post-4119 post type-post status-publish format-standard has-post-thumbnail hentry category-projektwoche-sing-bach\"><div class=\"gb-container gb-container-55d15109\">\n<figure class=\"gb-block-image gb-block-image-d592533d\"><a href=\"https:\/\/sparkassenstiftungen-ka.de\/jugendstiftung\/kreativitaet-musik\/projektwoche-sing-bach\/sing-bach-2026\/\"><img loading=\"lazy\" decoding=\"async\" width=\"1200\" height=\"700\" src=\"https:\/\/sparkassenstiftungen-ka.de\/jugendstiftung\/wp-content\/uploads\/sites\/2\/2025\/09\/sing_bach.webp\" class=\"gb-image-d592533d\" alt=\"Sing Bach\" srcset=\"https:\/\/sparkassenstiftungen-ka.de\/jugendstiftung\/wp-content\/uploads\/sites\/2\/2025\/09\/sing_bach.webp 1200w, https:\/\/sparkassenstiftungen-ka.de\/jugendstiftung\/wp-content\/uploads\/sites\/2\/2025\/09\/sing_bach-300x175.webp 300w, https:\/\/sparkassenstiftungen-ka.de\/jugendstiftung\/wp-content\/uploads\/sites\/2\/2025\/09\/sing_bach-1024x597.webp 1024w, https:\/\/sparkassenstiftungen-ka.de\/jugendstiftung\/wp-content\/uploads\/sites\/2\/2025\/09\/sing_bach-768x448.webp 768w\" sizes=\"auto, (max-width: 1200px) 100vw, 1200px\" \/><\/a><\/figure>\n\n<h2 class=\"gb-headline gb-headline-46b49b0c gb-headline-text\"><a href=\"https:\/\/sparkassenstiftungen-ka.de\/jugendstiftung\/kreativitaet-musik\/projektwoche-sing-bach\/sing-bach-2026\/\">Bewerbungsstart f\u00fcr Projektwoche \u201eSing Bach\u201c 2026<\/a><\/h2>\n\n<div class=\"gb-headline gb-headline-12dd70d8 gb-headline-text\">Vom 6. bis 10. Juli 2026 hei\u00dft es wieder: \u201eSing Bach\u201c. Bereits zum 13. Mal l\u00e4dt die Jugendstiftung der Sparkasse Karlsruhe Grundschulen zu diesem au\u00dfergew\u00f6hnlichen &#8230; <a title=\"Bewerbungsstart f\u00fcr Projektwoche \u201eSing Bach\u201c 2026\" class=\"read-more\" href=\"https:\/\/sparkassenstiftungen-ka.de\/jugendstiftung\/kreativitaet-musik\/projektwoche-sing-bach\/sing-bach-2026\/\" aria-label=\"Mehr Informationen \u00fcber Bewerbungsstart f\u00fcr Projektwoche \u201eSing Bach\u201c 2026\">Weiterlesen &#8230;<\/a><\/div>\n<\/div><\/div>\n\n<div class=\"gb-grid-column gb-grid-column-55d15109 gb-query-loop-item post-3960 post type-post status-publish format-standard has-post-thumbnail hentry category-kreativitaet-in-der-schule\"><div class=\"gb-container gb-container-55d15109\">\n<figure class=\"gb-block-image gb-block-image-d592533d\"><a href=\"https:\/\/sparkassenstiftungen-ka.de\/jugendstiftung\/kreativitaet-musik\/kreativitaet-in-der-schule\/98-ausstellung-kreativitat-in-der-schule\/\"><img loading=\"lazy\" decoding=\"async\" width=\"1200\" height=\"700\" src=\"https:\/\/sparkassenstiftungen-ka.de\/jugendstiftung\/wp-content\/uploads\/sites\/2\/2025\/07\/kreativitaet-in-der-schule-2025.webp\" class=\"gb-image-d592533d\" alt=\"Kreativit\u00e4t in der Schule\" srcset=\"https:\/\/sparkassenstiftungen-ka.de\/jugendstiftung\/wp-content\/uploads\/sites\/2\/2025\/07\/kreativitaet-in-der-schule-2025.webp 1200w, https:\/\/sparkassenstiftungen-ka.de\/jugendstiftung\/wp-content\/uploads\/sites\/2\/2025\/07\/kreativitaet-in-der-schule-2025-300x175.webp 300w, https:\/\/sparkassenstiftungen-ka.de\/jugendstiftung\/wp-content\/uploads\/sites\/2\/2025\/07\/kreativitaet-in-der-schule-2025-1024x597.webp 1024w, https:\/\/sparkassenstiftungen-ka.de\/jugendstiftung\/wp-content\/uploads\/sites\/2\/2025\/07\/kreativitaet-in-der-schule-2025-768x448.webp 768w\" sizes=\"auto, (max-width: 1200px) 100vw, 1200px\" \/><\/a><\/figure>\n\n<h2 class=\"gb-headline gb-headline-46b49b0c gb-headline-text\"><a href=\"https:\/\/sparkassenstiftungen-ka.de\/jugendstiftung\/kreativitaet-musik\/kreativitaet-in-der-schule\/98-ausstellung-kreativitat-in-der-schule\/\">98. Ausstellung im Rahmen von \u201eKreativit\u00e4t in der Schule\u201c<\/a><\/h2>\n\n<div class=\"gb-headline gb-headline-12dd70d8 gb-headline-text\">Bunt, lebendig und mit allen Sinnen erfahrbar \u2013 unter dem Motto \u201eDie Natur spricht Farbe\u201c zeigen Sch\u00fcler:innen der drei Graben-Neudorfer Schulen, wie vielf\u00e4ltig und farbenfroh &#8230; <a title=\"98. Ausstellung im Rahmen von \u201eKreativit\u00e4t in der Schule\u201c\" class=\"read-more\" href=\"https:\/\/sparkassenstiftungen-ka.de\/jugendstiftung\/kreativitaet-musik\/kreativitaet-in-der-schule\/98-ausstellung-kreativitat-in-der-schule\/\" aria-label=\"Mehr Informationen \u00fcber 98. Ausstellung im Rahmen von \u201eKreativit\u00e4t in der Schule\u201c\">Weiterlesen &#8230;<\/a><\/div>\n<\/div><\/div>\n\n<div class=\"gb-grid-column gb-grid-column-55d15109 gb-query-loop-item post-3968 post type-post status-publish format-standard has-post-thumbnail hentry category-projektwoche-sing-bach\"><div class=\"gb-container gb-container-55d15109\">\n<figure class=\"gb-block-image gb-block-image-d592533d\"><a href=\"https:\/\/sparkassenstiftungen-ka.de\/jugendstiftung\/kreativitaet-musik\/projektwoche-sing-bach\/projektwoche-sing-bach-2025\/\"><img loading=\"lazy\" decoding=\"async\" width=\"1200\" height=\"700\" src=\"https:\/\/sparkassenstiftungen-ka.de\/jugendstiftung\/wp-content\/uploads\/sites\/2\/2025\/07\/sing-bach-2025-header.webp\" class=\"gb-image-d592533d\" alt=\"Sing Bach 2025\" srcset=\"https:\/\/sparkassenstiftungen-ka.de\/jugendstiftung\/wp-content\/uploads\/sites\/2\/2025\/07\/sing-bach-2025-header.webp 1200w, https:\/\/sparkassenstiftungen-ka.de\/jugendstiftung\/wp-content\/uploads\/sites\/2\/2025\/07\/sing-bach-2025-header-300x175.webp 300w, https:\/\/sparkassenstiftungen-ka.de\/jugendstiftung\/wp-content\/uploads\/sites\/2\/2025\/07\/sing-bach-2025-header-1024x597.webp 1024w, https:\/\/sparkassenstiftungen-ka.de\/jugendstiftung\/wp-content\/uploads\/sites\/2\/2025\/07\/sing-bach-2025-header-768x448.webp 768w\" sizes=\"auto, (max-width: 1200px) 100vw, 1200px\" \/><\/a><\/figure>\n\n<h2 class=\"gb-headline gb-headline-46b49b0c gb-headline-text\"><a href=\"https:\/\/sparkassenstiftungen-ka.de\/jugendstiftung\/kreativitaet-musik\/projektwoche-sing-bach\/projektwoche-sing-bach-2025\/\">Zum zw\u00f6lften Mal \u201eSing Bach\u201c \u2013 und kein bisschen leiser!<\/a><\/h2>\n\n<div class=\"gb-headline gb-headline-12dd70d8 gb-headline-text\">In diesem Jahr fand bereits zum zw\u00f6lften Mal das erfolgreiche Musikprojekt \u201eSing Bach\u201c im Gesch\u00e4ftsgebiet der Sparkasse Karlsruhe statt. Wie in den Jahren zuvor stand &#8230; <a title=\"Zum zw\u00f6lften Mal \u201eSing Bach\u201c \u2013 und kein bisschen leiser!\" class=\"read-more\" href=\"https:\/\/sparkassenstiftungen-ka.de\/jugendstiftung\/kreativitaet-musik\/projektwoche-sing-bach\/projektwoche-sing-bach-2025\/\" aria-label=\"Mehr Informationen \u00fcber Zum zw\u00f6lften Mal \u201eSing Bach\u201c \u2013 und kein bisschen leiser!\">Weiterlesen &#8230;<\/a><\/div>\n<\/div><\/div>\n\n<div class=\"gb-grid-column gb-grid-column-55d15109 gb-query-loop-item post-3937 post type-post status-publish format-standard has-post-thumbnail hentry category-chorwettbewerb-sing-mit\"><div class=\"gb-container gb-container-55d15109\">\n<figure class=\"gb-block-image gb-block-image-d592533d\"><a href=\"https:\/\/sparkassenstiftungen-ka.de\/jugendstiftung\/kreativitaet-musik\/chorwettbewerb-sing-mit\/preistraegerkonzert-sing-mit-2025\/\"><img loading=\"lazy\" decoding=\"async\" width=\"1200\" height=\"700\" src=\"https:\/\/sparkassenstiftungen-ka.de\/jugendstiftung\/wp-content\/uploads\/sites\/2\/2025\/06\/sing-mit-2025-header.webp\" class=\"gb-image-d592533d\" alt=\"\" srcset=\"https:\/\/sparkassenstiftungen-ka.de\/jugendstiftung\/wp-content\/uploads\/sites\/2\/2025\/06\/sing-mit-2025-header.webp 1200w, https:\/\/sparkassenstiftungen-ka.de\/jugendstiftung\/wp-content\/uploads\/sites\/2\/2025\/06\/sing-mit-2025-header-300x175.webp 300w, https:\/\/sparkassenstiftungen-ka.de\/jugendstiftung\/wp-content\/uploads\/sites\/2\/2025\/06\/sing-mit-2025-header-1024x597.webp 1024w, https:\/\/sparkassenstiftungen-ka.de\/jugendstiftung\/wp-content\/uploads\/sites\/2\/2025\/06\/sing-mit-2025-header-768x448.webp 768w\" sizes=\"auto, (max-width: 1200px) 100vw, 1200px\" \/><\/a><\/figure>\n\n<h2 class=\"gb-headline gb-headline-46b49b0c gb-headline-text\"><a href=\"https:\/\/sparkassenstiftungen-ka.de\/jugendstiftung\/kreativitaet-musik\/chorwettbewerb-sing-mit\/preistraegerkonzert-sing-mit-2025\/\">Preistr\u00e4gerkonzert \u201eSing mit!\u201c 2025<\/a><\/h2>\n\n<div class=\"gb-headline gb-headline-12dd70d8 gb-headline-text\">Musik, die verbindet. Stimmen, die wachsen. Gemeinschaft, die klingt. Zum achten Mal haben die Jugendstiftung der Sparkasse Karlsruhe und der Landesmusikrat Baden-W\u00fcrttemberg Grundschulkinder eingeladen, ihre &#8230; <a title=\"Preistr\u00e4gerkonzert \u201eSing mit!\u201c 2025\" class=\"read-more\" href=\"https:\/\/sparkassenstiftungen-ka.de\/jugendstiftung\/kreativitaet-musik\/chorwettbewerb-sing-mit\/preistraegerkonzert-sing-mit-2025\/\" aria-label=\"Mehr Informationen \u00fcber Preistr\u00e4gerkonzert \u201eSing mit!\u201c 2025\">Weiterlesen &#8230;<\/a><\/div>\n<\/div><\/div>\n\n<div class=\"gb-grid-column gb-grid-column-55d15109 gb-query-loop-item post-3885 post type-post status-publish format-standard has-post-thumbnail hentry category-film-vision-schul-contest\"><div class=\"gb-container gb-container-55d15109\">\n<figure class=\"gb-block-image gb-block-image-d592533d\"><a href=\"https:\/\/sparkassenstiftungen-ka.de\/jugendstiftung\/kreativitaet-musik\/film-vision-schul-contest\/lampenfieber-feiert-filmpremiere\/\"><img loading=\"lazy\" decoding=\"async\" width=\"1200\" height=\"700\" src=\"https:\/\/sparkassenstiftungen-ka.de\/jugendstiftung\/wp-content\/uploads\/sites\/2\/2025\/05\/lampenfieber-film-titel.webp\" class=\"gb-image-d592533d\" alt=\"Lampenfieber 2025\" srcset=\"https:\/\/sparkassenstiftungen-ka.de\/jugendstiftung\/wp-content\/uploads\/sites\/2\/2025\/05\/lampenfieber-film-titel.webp 1200w, https:\/\/sparkassenstiftungen-ka.de\/jugendstiftung\/wp-content\/uploads\/sites\/2\/2025\/05\/lampenfieber-film-titel-300x175.webp 300w, https:\/\/sparkassenstiftungen-ka.de\/jugendstiftung\/wp-content\/uploads\/sites\/2\/2025\/05\/lampenfieber-film-titel-1024x597.webp 1024w, https:\/\/sparkassenstiftungen-ka.de\/jugendstiftung\/wp-content\/uploads\/sites\/2\/2025\/05\/lampenfieber-film-titel-768x448.webp 768w\" sizes=\"auto, (max-width: 1200px) 100vw, 1200px\" \/><\/a><\/figure>\n\n<h2 class=\"gb-headline gb-headline-46b49b0c gb-headline-text\"><a href=\"https:\/\/sparkassenstiftungen-ka.de\/jugendstiftung\/kreativitaet-musik\/film-vision-schul-contest\/lampenfieber-feiert-filmpremiere\/\">\u201eLampenfieber\u201c feiert Filmpremiere auf gro\u00dfer Leinwand<\/a><\/h2>\n\n<div class=\"gb-headline gb-headline-12dd70d8 gb-headline-text\">Die Aufregung der Sch\u00fcler:innen des Helmholtz-Gymnasiums Karlsruhe war bis zum Filmbeginn an diesem Samstagabend in der Schauburg deutlich zu sp\u00fcren. Ihr Film feierte bei der &#8230; <a title=\"\u201eLampenfieber\u201c feiert Filmpremiere auf gro\u00dfer Leinwand\" class=\"read-more\" href=\"https:\/\/sparkassenstiftungen-ka.de\/jugendstiftung\/kreativitaet-musik\/film-vision-schul-contest\/lampenfieber-feiert-filmpremiere\/\" aria-label=\"Mehr Informationen \u00fcber \u201eLampenfieber\u201c feiert Filmpremiere auf gro\u00dfer Leinwand\">Weiterlesen &#8230;<\/a><\/div>\n<\/div><\/div>\n<\/div>\n\n<\/div>","protected":false},"excerpt":{"rendered":"<p>Kreativit\u00e4t und Musik Kreativit\u00e4t und Musik spielen eine wichtige Rolle in der ganzheitlichen Entwicklung von Kindern und Jugendlichen. Mit ihren eigenen Projekten und finanziellen F\u00f6rderungen &#8230; <a title=\"Kreativit\u00e4t und Musik\" class=\"read-more\" href=\"https:\/\/sparkassenstiftungen-ka.de\/jugendstiftung\/kreativitaet-und-musik\/\" aria-label=\"Mehr Informationen \u00fcber Kreativit\u00e4t und Musik\">Weiterlesen &#8230;<\/a><\/p>\n","protected":false},"author":2,"featured_media":0,"parent":0,"menu_order":0,"comment_status":"closed","ping_status":"closed","template":"","meta":{"footnotes":""},"class_list":["post-3293","page","type-page","status-publish"],"_links":{"self":[{"href":"https:\/\/sparkassenstiftungen-ka.de\/jugendstiftung\/wp-json\/wp\/v2\/pages\/3293","targetHints":{"allow":["GET"]}}],"collection":[{"href":"https:\/\/sparkassenstiftungen-ka.de\/jugendstiftung\/wp-json\/wp\/v2\/pages"}],"about":[{"href":"https:\/\/sparkassenstiftungen-ka.de\/jugendstiftung\/wp-json\/wp\/v2\/types\/page"}],"author":[{"embeddable":true,"href":"https:\/\/sparkassenstiftungen-ka.de\/jugendstiftung\/wp-json\/wp\/v2\/users\/2"}],"replies":[{"embeddable":true,"href":"https:\/\/sparkassenstiftungen-ka.de\/jugendstiftung\/wp-json\/wp\/v2\/comments?post=3293"}],"version-history":[{"count":3,"href":"https:\/\/sparkassenstiftungen-ka.de\/jugendstiftung\/wp-json\/wp\/v2\/pages\/3293\/revisions"}],"predecessor-version":[{"id":3322,"href":"https:\/\/sparkassenstiftungen-ka.de\/jugendstiftung\/wp-json\/wp\/v2\/pages\/3293\/revisions\/3322"}],"wp:attachment":[{"href":"https:\/\/sparkassenstiftungen-ka.de\/jugendstiftung\/wp-json\/wp\/v2\/media?parent=3293"}],"curies":[{"name":"wp","href":"https:\/\/api.w.org\/{rel}","templated":true}]}}