{"id":2221,"date":"2023-10-15T17:09:04","date_gmt":"2023-10-15T15:09:04","guid":{"rendered":"https:\/\/sparkassenstiftungen-ka.de\/jugendstiftung\/?page_id=2221"},"modified":"2025-07-01T08:38:27","modified_gmt":"2025-07-01T06:38:27","slug":"die-stiftung","status":"publish","type":"page","link":"https:\/\/sparkassenstiftungen-ka.de\/jugendstiftung\/die-stiftung\/","title":{"rendered":"Die Stiftung"},"content":{"rendered":"\n<h2 class=\"gb-headline gb-headline-260cbf02 gb-headline-text\">DIE STIFTUNG<\/h2>\n\n\n\n<h2 class=\"wp-block-heading\">Jugendstiftung der Sparkasse Karlsruhe<\/h2>\n\n\n\n<p>Zwei Sportevents bilden allj\u00e4hrlich Anfang und Ende des Stiftungsjahres: Die Sch\u00fcler-Leichtathletik-Meisterschaften und die Sch\u00fcler-Schwimm-Meisterschaften. Zwischen diesen beiden traditionsreichen Turnieren liegt eine bunte Vielfalt an Ausstellungen, Chorprojekten, Seminaren, kreativen Workshops, naturwissenschaftlichen Experimenten, weiteren Sportveranstaltungen und dergleichen mehr. Zehntausende von Kindern und Jugendlichen, vom Kindergarten bis zum Abitur, haben seit der Gr\u00fcndung der Jugendstiftung am 25. September 1985 an den Projekten teilgenommen.<\/p>\n\n\n\n<p>Der Zweck der Stiftung ist es, die Kinder und Jugendlichen im Gesch\u00e4ftsgebiet der Sparkasse Karlsruhe in sozialen, sportlichen und kulturellen Belangen zu f\u00f6rdern. Dies gelingt ihr insbesondere durch ein breit gef\u00e4chertes Angebot und den ganzheitlichen Ansatz ihrer F\u00f6rdert\u00e4tigkeit.<\/p>\n\n\n\n<p>Dadurch werden den Teilnehmern, \u00fcber Wissen und Fertigkeiten hinaus, pers\u00f6nliche Erfolgserlebnisse und Erfahrungen mit nachhaltiger Wirkung vermittelt.<\/p>\n\n\n\n<p>Das bei der Gr\u00fcndung eingesetzte Stiftungskapital in H\u00f6he von 1 Million DM wurde kontinuierlich aufgestockt, um die Durchf\u00fchrung der bew\u00e4hrten Projekte und deren sukzessive Erg\u00e4nzung um neue Angebote zu gew\u00e4hrleisten.<\/p>\n\n\n\n<p>Die Organe der Jugendstiftung sind der Stiftungsrat und der Vorstand der Sparkasse Karlsruhe. Unterst\u00fctzt werden der Vorstand und die Gesch\u00e4ftsf\u00fchrung durch ein beratendes Gremium, den Beirat.<\/p>\n\n\n\n<h3 class=\"gb-headline gb-headline-05f60cfe gb-headline-text\">GESCH\u00c4FTSGEBIET<\/h3>\n\n\n\n<ul class=\"wp-block-list\">\n<li>Karlsruhe<\/li>\n\n\n\n<li>Dettenheim<\/li>\n\n\n\n<li>Eggenstein-Leopoldshafen<\/li>\n\n\n\n<li>Ettlingen<\/li>\n\n\n\n<li>Graben-Neudorf<\/li>\n\n\n\n<li>Karlsbad<\/li>\n\n\n\n<li>Linkenheim-Hochstetten<\/li>\n\n\n\n<li>Malsch<\/li>\n\n\n\n<li>Marxzell<\/li>\n\n\n\n<li>Oberhausen-Rheinhausen<\/li>\n\n\n\n<li>Pfinztal<\/li>\n\n\n\n<li>Philippsburg<\/li>\n\n\n\n<li>Rheinstetten<\/li>\n\n\n\n<li>Stutensee<\/li>\n\n\n\n<li>Wagh\u00e4usel-Kirrlach<\/li>\n\n\n\n<li>Waldbronn<\/li>\n\n\n\n<li>Weingarten<\/li>\n<\/ul>\n\n\n\n<h3 class=\"gb-headline gb-headline-b9838b03 gb-headline-text\">VORSTAND<\/h3>\n\n\n\n<ul class=\"wp-block-list\">\n<li>Dr. Alexander Endlich (Vorstandsvorsitzender)<\/li>\n\n\n\n<li>Thomas Schroff<\/li>\n\n\n\n<li>Lutz Boden<\/li>\n\n\n\n<li>Marc Sesemann<\/li>\n<\/ul>\n\n\n\n<h3 class=\"gb-headline gb-headline-e3e1d39f gb-headline-text\">STIFTUNGSRAT<\/h3>\n\n\n\n<ul class=\"wp-block-list\">\n<li>Oberb\u00fcrgermeister Dr. Frank Mentrup, Karlsruhe (Vorsitzender)<\/li>\n\n\n\n<li>Oberb\u00fcrgermeister Johannes Arnold, Ettlingen (stv. Vorsitzender)<\/li>\n\n\n\n<li>B\u00fcrgermeister Eric B\u00e4nziger, Weingarten<\/li>\n\n\n\n<li>B\u00fcrgermeister Markus Bechler, Malsch<\/li>\n\n\n\n<li>Oberb\u00fcrgermeisterin Petra Becker, Stutensee<\/li>\n\n\n\n<li>B\u00fcrgermeister Frank Bolz, Dettenheim<\/li>\n\n\n\n<li>B\u00fcrgermeisterin Nicola Bodner, Pfinztal<\/li>\n\n\n\n<li>B\u00fcrgermeister Christian Eheim, Graben-Neudorf<\/li>\n\n\n\n<li>B\u00fcrgermeisterin Sabrina Eisele, Marxzell<\/li>\n\n\n\n<li>B\u00fcrgermeister Bj\u00f6rn Kornm\u00fcller, Karlsbad<\/li>\n\n\n\n<li>B\u00fcrgermeister Lukas Lang, Eggenstein-Leopoldshafen<\/li>\n\n\n\n<li>B\u00fcrgermeister Stefan Martus, Philippsburg<\/li>\n\n\n\n<li>B\u00fcrgermeister Michael M\u00f6slang, Linkenheim-Hochstetten<\/li>\n\n\n\n<li>Oberb\u00fcrgermeister Sebastian Schrempp, Rheinstetten<\/li>\n\n\n\n<li>B\u00fcrgermeister Christian Stalf, Waldbronn<\/li>\n<\/ul>\n\n\n\n<h3 class=\"gb-headline gb-headline-323a0e27 gb-headline-text\">BEIRAT<\/h3>\n\n\n\n<ul class=\"wp-block-list\">\n<li>Sebastian Becker \u2013 Leiter Amt f\u00fcr Bildung, Jugend, Familie und Senioren der Stadt Ettlingen<\/li>\n\n\n\n<li>Gerda Desserich \u2013 Sportausschuss der Stadt Karlsruhe<\/li>\n\n\n\n<li>Hartmut Allgaier &#8211; Leiter Schul- und Sportamt der Stadt Karlsruhe<\/li>\n\n\n\n<li>Daniel Melchien &#8211; Gesch\u00e4ftsf\u00fchrer des Stadtjugendausschusses Karlsruhe<\/li>\n\n\n\n<li>Dr. Andreas Ramin \u2013 Vorsitzender des Sportkreises Karlsruhe<\/li>\n\n\n\n<li>Frank Herm &#8211; Schulamtsdirektor, Staatliches Schulamt Karlsruhe<\/li>\n\n\n\n<li>Jessica Sch\u00f6llhorn \u2013 Leiterin des Kinderb\u00fcros der Stadt Karlsruhe<\/li>\n<\/ul>\n\n\n\n<h3 class=\"gb-headline gb-headline-fb6c82fa gb-headline-text\">GESCH\u00c4FTSF\u00dcHRUNG<\/h3>\n\n\n\n<ul class=\"wp-block-list\">\n<li>Gesch\u00e4ftsf\u00fchrer: Axel Grether<\/li>\n\n\n\n<li>Stv. Gesch\u00e4ftsf\u00fchrerin: Martina Rothfu\u00df<\/li>\n\n\n\n<li>Stv. Gesch\u00e4ftsf\u00fchrer: Michael Bilger<\/li>\n<\/ul>\n","protected":false},"excerpt":{"rendered":"<p>DIE STIFTUNG Jugendstiftung der Sparkasse Karlsruhe Zwei Sportevents bilden allj\u00e4hrlich Anfang und Ende des Stiftungsjahres: Die Sch\u00fcler-Leichtathletik-Meisterschaften und die Sch\u00fcler-Schwimm-Meisterschaften. Zwischen diesen beiden traditionsreichen Turnieren &#8230; <a title=\"Die Stiftung\" class=\"read-more\" href=\"https:\/\/sparkassenstiftungen-ka.de\/jugendstiftung\/die-stiftung\/\" aria-label=\"Mehr Informationen \u00fcber Die Stiftung\">Weiterlesen &#8230;<\/a><\/p>\n","protected":false},"author":1,"featured_media":0,"parent":0,"menu_order":0,"comment_status":"closed","ping_status":"closed","template":"","meta":{"footnotes":""},"class_list":["post-2221","page","type-page","status-publish"],"_links":{"self":[{"href":"https:\/\/sparkassenstiftungen-ka.de\/jugendstiftung\/wp-json\/wp\/v2\/pages\/2221","targetHints":{"allow":["GET"]}}],"collection":[{"href":"https:\/\/sparkassenstiftungen-ka.de\/jugendstiftung\/wp-json\/wp\/v2\/pages"}],"about":[{"href":"https:\/\/sparkassenstiftungen-ka.de\/jugendstiftung\/wp-json\/wp\/v2\/types\/page"}],"author":[{"embeddable":true,"href":"https:\/\/sparkassenstiftungen-ka.de\/jugendstiftung\/wp-json\/wp\/v2\/users\/1"}],"replies":[{"embeddable":true,"href":"https:\/\/sparkassenstiftungen-ka.de\/jugendstiftung\/wp-json\/wp\/v2\/comments?post=2221"}],"version-history":[{"count":13,"href":"https:\/\/sparkassenstiftungen-ka.de\/jugendstiftung\/wp-json\/wp\/v2\/pages\/2221\/revisions"}],"predecessor-version":[{"id":3955,"href":"https:\/\/sparkassenstiftungen-ka.de\/jugendstiftung\/wp-json\/wp\/v2\/pages\/2221\/revisions\/3955"}],"wp:attachment":[{"href":"https:\/\/sparkassenstiftungen-ka.de\/jugendstiftung\/wp-json\/wp\/v2\/media?parent=2221"}],"curies":[{"name":"wp","href":"https:\/\/api.w.org\/{rel}","templated":true}]}}